{"id":2574,"date":"2023-11-14T09:22:51","date_gmt":"2023-11-14T08:22:51","guid":{"rendered":"https:\/\/besi.hu\/?page_id=2574"},"modified":"2023-11-14T10:38:41","modified_gmt":"2023-11-14T09:38:41","slug":"ajtp","status":"publish","type":"page","link":"https:\/\/besi.hu\/?page_id=2574","title":{"rendered":"AJTP"},"content":{"rendered":"<p style=\"text-align: right;\"><i><span style=\"font-weight: 400;\">\u201eEgyetlen napot sem \u00e9lhetsz meg an\u00e9lk\u00fcl, hogy ne lenn\u00e9l hat\u00e1ssal<br \/><\/span><\/i><i><span style=\"font-weight: 400;\">a k\u00f6r\u00fcl\u00f6tted l\u00e9v\u0151 vil\u00e1gra, m\u00e1sokra. Mert minden, amit teszel \u00e9s<br \/><\/span><\/i><i><span style=\"font-weight: 400;\">ny\u00fajtasz m\u00e1soknak, az sz\u00e1m\u00edt! Egyed\u00fcl Te d\u00f6nt\u00f6d el, hogy mi<br \/><\/span><\/i><i><span style=\"font-weight: 400;\">legyen az&#8230;.&#8221; (SBG Buddha)<\/span><\/i><\/p>\n<p><span style=\"font-weight: 400;\">Az Arany J\u00e1nos Tehets\u00e9ggondoz\u00f3 Program, k\u00e9ts\u00e9gk\u00edv\u00fcl a mai magyar k\u00f6znevel\u00e9s gy\u00f6ngyszeme, 20 \u00e9ve t\u00f6retlen\u00fcl, folyamatos anyagi \u00e9s szakmai t\u00e1mogatotts\u00e1ggal m\u0171k\u00f6dik. A Program alapvet\u0151 c\u00e9lkit\u0171z\u00e9sei m\u00e1r a kezdetekkor meghaladt\u00e1k korukat (\u00fat a fels\u0151oktat\u00e1sba, emelt szint\u0171 \u00e9retts\u00e9gi, k\u00f6z\u00e9p- vagy fels\u0151fok\u00fa nyelvvizsga, ECDL vizsga, jogos\u00edtv\u00e1ny, egy\u00e9ni fejleszt\u00e9s, komplex tehets\u00e9ggondoz\u00e1s, \u00f6nismeret, p\u00e1lyaorient\u00e1ci\u00f3, tanul\u00e1sm\u00f3dszertan), orsz\u00e1gosan \u00e9s nemzetk\u00f6zi szinten is ismerts\u00e9g, elismerts\u00e9g jellemzi. Olyan kapukat nyit, olyan lehet\u0151s\u00e9geket k\u00edn\u00e1l, melyek seg\u00edts\u00e9g\u00e9vel a fiatalok szeml\u00e9letm\u00f3dja, a vil\u00e1gr\u00f3l alkotott k\u00e9pe, gondolkod\u00e1sm\u00f3dja form\u00e1l\u00f3dik, k\u00e9pess\u00e9 v\u00e1lnak a tudatos, re\u00e1lis p\u00e1lyav\u00e1laszt\u00e1sra, \u00f6n-\u00e9s t\u00e1rsismeret\u00fck, szoci\u00e1lis kompetenci\u00e1juk fejl\u0151dik, nyitottabb\u00e1, magabiztosabb\u00e1 v\u00e1lnak. Mindezt az int\u00e9zm\u00e9ny pedag\u00f3gusai nagyfok\u00fa pedag\u00f3giai \u00e9s szoci\u00e1lis \u00e9rz\u00e9kenys\u00e9ggel, \u00f6sszehangolt nevel\u0151munk\u00e1val seg\u00edtik.\u00a0<\/span><\/p>\n<p><span style=\"font-weight: 400;\">A Program 2002 \u00f3ta m\u0171k\u00f6dik az int\u00e9zm\u00e9ny\u00fcnkben. Az eltelt id\u0151 alatt rengeteg tapasztalatot gy\u0171jt\u00f6tt\u00fcnk, melyet a mindennapi munk\u00e1nk sor\u00e1n egyre hat\u00e9konyabban hasznos\u00edtani tudunk. Int\u00e9zm\u00e9ny\u00fcnk f\u0151 er\u0151ss\u00e9ge abban rejlik, hogy a hozz\u00e1nk \u00e9rkez\u0151 AJTP-s tanul\u00f3k soksz\u00edn\u0171s\u00e9g\u00e9t meg tudjuk tartani, az iskola profilj\u00e1b\u00f3l ad\u00f3d\u00f3an b\u00e1rmely tehets\u00e9gter\u00fcleten ki tudnak teljesedni, legyenek azok hum\u00e1n, re\u00e1l tudom\u00e1nyok, sport vagy ak\u00e1r m\u0171v\u00e9szet.<\/span><\/p>\n<p><span style=\"font-weight: 400;\">Az \u00f6sszesen k\u00f6zel f\u00e9lezer volt \u00e9s jelenlegi \u201eArany-os\u201d di\u00e1kunk tanulm\u00e1nyi \u00e9s versenyeredm\u00e9nye, nyelvvizsg\u00e1ik magas sz\u00e1ma, emelt \u00e9s k\u00f6z\u00e9pszint\u0171 \u00e9retts\u00e9gi eredm\u00e9nyeik, szakmai \u00e9s mag\u00e1n\u00e9leti sikert\u00f6rt\u00e9neteik mind a Program relevanci\u00e1j\u00e1t, l\u00e9tjogosults\u00e1g\u00e1t bizony\u00edtj\u00e1k. Az eddig v\u00e9gzett tanul\u00f3k t\u00f6bb mint 90%-a nyert felv\u00e9telt valamely fels\u0151oktat\u00e1si int\u00e9zm\u00e9nybe, k\u00f6sz\u00f6nhet\u0151en az \u00f6t \u00e9ven \u00e1t tart\u00f3 tudatos szakmai munk\u00e1nak, az iskola-koll\u00e9gium egy\u00fcttm\u0171k\u00f6d\u00e9s\u00e9nek, odafigyel\u00e9snek, egy\u00e9ni t\u00f6r\u0151d\u00e9snek. P\u00e1lyaorient\u00e1ci\u00f3jukat tekintve nagyon v\u00e1ltozatos, soksz\u00edn\u0171 a k\u00e9p: pedag\u00f3gia, pszichol\u00f3gia, szoci\u00e1lpedag\u00f3gia, orvostudom\u00e1ny, informatika, p\u00e9nz\u00fcgy, k\u00f6zgazdas\u00e1gtan, \u00e9p\u00edt\u00e9szet, jog, nemzetv\u00e9delem, k\u00f6zigazgat\u00e1s.<\/span><\/p>\n<p><span style=\"font-weight: 400;\">Felsorolni is szinte lehetetlen mennyif\u00e9le tanulm\u00e1nyi, sport vagy m\u0171v\u00e9szeti megm\u00e9rettet\u00e9sen vettek \u00e9s vesznek r\u00e9szt tanul\u00f3ink. A legrangosabb, fels\u0151oktat\u00e1si felv\u00e9teli plusz pontokat is \u00e9r\u0151 versenyek k\u00f6z\u00fcl az Orsz\u00e1gos K\u00f6z\u00e9piskolai Tanulm\u00e1nyi Versenyen, a Kutat\u00f3 Di\u00e1kok Mozgalma, a Tudom\u00e1nyos Di\u00e1kk\u00f6r\u00f6k nemzetk\u00f6zi konferenci\u00e1in \u00e9let- \u00e9s k\u00f6rnyezettudom\u00e1ny illetve hum\u00e1n \u00e9s t\u00e1rsadalomtudom\u00e1nyi szekci\u00f3kban t\u00f6bb \u00edzben szerepeltek eredm\u00e9nyesen az AJTP-s tanul\u00f3k.\u00a0<\/span><\/p>\n<p><span style=\"font-weight: 400;\">A komplex tehets\u00e9ggondoz\u00e1s, a val\u00f3di tartalmakkal megt\u00f6lt\u00f6tt h\u00e1tr\u00e1nykompenz\u00e1l\u00f3 tev\u00e9kenys\u00e9g szerves r\u00e9sz\u00e9t k\u00e9pezi a tudatosan szervezett \u00fagynevezett \u201elaz\u00edt\u00f3\u201d programok megl\u00e9te. A \u201ebentmarad\u00f3s\u201d h\u00e9tv\u00e9g\u00e9k keret\u00e9ben szervezett tanulm\u00e1nyi kir\u00e1ndul\u00e1sok hat\u00e1sa, haszna t\u00falz\u00e1s n\u00e9lk\u00fcl jellemezhet\u0151 az <\/span><i><span style=\"font-weight: 400;\">\u00e9letre sz\u00f3l\u00f3<\/span><\/i><span style=\"font-weight: 400;\"> jelz\u0151vel. Az Arany J\u00e1nos Tehets\u00e9ggondoz\u00f3 Program di\u00e1kjai a gimn\u00e1ziumban elt\u00f6lt\u00f6tt 5 \u00e9v alatt bej\u00e1rj\u00e1k Magyarorsz\u00e1g szinte \u00f6sszes ter\u00fclet\u00e9t, a hat\u00e1rainkon t\u00fal a magyarlakta ter\u00fcleteket (Ukrajna-K\u00e1rp\u00e1talja, Rom\u00e1nia-Erd\u00e9ly, Ausztria-Burgenland, Horv\u00e1torsz\u00e1g, Szlov\u00e1kia-Felvid\u00e9k) illetve azon t\u00fal a nyelvtanul\u00e1s t\u00f6k\u00e9letes\u00edt\u00e9se c\u00e9lj\u00e1b\u00f3l Anglia, Franciaorsz\u00e1g, Belgium, Olaszorsz\u00e1g, G\u00f6r\u00f6gorsz\u00e1g, Szic\u00edlia ter\u00fclet\u00e9re is eljutnak.\u00a0 A kultur\u00e1lis programok, sz\u00ednh\u00e1zl\u00e1togat\u00e1sok, a term\u00e9szetj\u00e1r\u00f3 illetve v\u00edzit\u00far\u00e1k, a s\u00edt\u00e1borok, a nyelvtanul\u00e1st seg\u00edt\u0151 tanulm\u00e1nyi utak, nyelvi t\u00e1borok rendk\u00edv\u00fcli k\u00f6z\u00f6ss\u00e9gform\u00e1l\u00f3 er\u0151vel b\u00edrnak, ezen fel\u00fcl a mai kor pedag\u00f3giai elv\u00e1r\u00e1sainak megfelel\u0151 \u00e9lm\u00e9nyk\u00f6zpont\u00fa tan\u00edt\u00e1si folyamat szerves r\u00e9sz\u00e9t k\u00e9pezik.\u00a0<\/span><\/p>\n<p><span style=\"font-weight: 400;\">Az iskolai \u00e9s iskol\u00e1n k\u00edv\u00fcli munka hat\u00e9konys\u00e1g\u00e1t a tanul\u00f3i motiv\u00e1ci\u00f3 fenntart\u00e1sa biztos\u00edtja. A tanul\u00f3k bels\u0151 mot\u00edvumainak megtart\u00e1s\u00e1t, a tanul\u00e1sra val\u00f3 hajland\u00f3s\u00e1got, a szociokultur\u00e1lis h\u00e1tr\u00e1nyok lek\u00fczd\u00e9s\u00e9t tanulm\u00e1nyi \u00f6szt\u00f6nd\u00edjrendszer bevezet\u00e9s\u00e9vel, rendszeres \u00e9s eseti szoci\u00e1lis t\u00e1mogat\u00e1sokkal (szem\u00fcveg, fogszab\u00e1lyz\u00f3, tanul\u00e1st seg\u00edt\u0151 eszk\u00f6z\u00f6k), \u00e9tkez\u00e9si \u00e9s utaz\u00e1si t\u00e1mogat\u00e1ssal, saj\u00e1t AJTP specifikus \u00e9rt\u00e9kel\u00e9si rendszer m\u0171k\u00f6dtet\u00e9s\u00e9vel seg\u00edtj\u00fck.\u00a0<\/span><\/p>\n<p><span style=\"font-weight: 400;\">Az elm\u00falt embertpr\u00f3b\u00e1l\u00f3 id\u0151szakot meghat\u00e1roz\u00f3 vil\u00e1gj\u00e1rv\u00e1ny ideje alatt az AJTP-s di\u00e1kok hat\u00e9kony \u00e9s eredm\u00e9nyes otthoni tanul\u00e1s\u00e1nak megval\u00f3s\u00edt\u00e1sa az eddigi munk\u00e1nk \u00fajragondol\u00e1s\u00e1t tette sz\u00fcks\u00e9gess\u00e9. Az online kapcsolattart\u00e1s lesz\u0171k\u00edtette a lehet\u0151s\u00e9geket, a szem\u00e9lyes tal\u00e1lkoz\u00e1sok hi\u00e1nya, a programok, kir\u00e1ndul\u00e1sok, iskolai \u00e9s iskol\u00e1n k\u00edv\u00fcli rendezv\u00e9nyek elmarad\u00e1sa megnehez\u00edtette a nevel\u0151munk\u00e1t. a t\u00e1mogat\u00e1si rendszer\u00fcnket \u00fagy kellett \u00e1tform\u00e1lni, hogy a lehet\u0151 legeredm\u00e9nyesebben seg\u00edtse a tanul\u00f3kat, kompenz\u00e1lva a megfelel\u0151 digit\u00e1lis eszk\u00f6z\u00f6k, az internet el\u00e9r\u00e9s, a szem\u00e9lyes ir\u00e1nymutat\u00e1s, korrepet\u00e1l\u00e1s, a megfelel\u0151 tanul\u00e1si k\u00f6rnyezet hi\u00e1ny\u00e1t. Koncz Fanni 12.A oszt\u00e1lyos tanul\u00f3 t\u00e1rsadalomismeret \u00e9retts\u00e9gi projektmunk\u00e1j\u00e1ban <\/span><i><span style=\"font-weight: 400;\">H\u00e1tr\u00e1nyb\u00f3l el\u0151ny az online oktat\u00e1sban<\/span><\/i><span style=\"font-weight: 400;\"> c\u00edmmel az al\u00e1bbiak szerint \u00f6sszegezte kutat\u00f3munk\u00e1ja tapasztalatait:\u00a0<\/span><\/p>\n<p><i><span style=\"font-weight: 400;\">\u201eA digit\u00e1lis oktat\u00e1s szerintem, minden gimnazista koroszt\u00e1ly sz\u00e1m\u00e1ra komplik\u00e1lt. \u00c9n is ezt \u00e9rzem \u00e9s tapasztalom is. Nagyon neh\u00e9z a bizonytalans\u00e1g idej\u00e9n pozit\u00edvan gondolkodni \u00e9s c\u00e9lokat kit\u0171zni. Nem csak az\u00e9rt, mert ebben a tan\u00e9vben \u00e9retts\u00e9gizek, hanem az\u00e9rt is, mert a Kisv\u00e1rdai Bessenyei Gy\u00f6rgy Gimn\u00e1zium \u00e9s Koll\u00e9gium Arany J\u00e1nos Tehets\u00e9g Programj\u00e1ban tanulok. A h\u00e1tr\u00e1nyos helyzet\u0171 di\u00e1kt\u00e1rsaimnak t\u00f6bb szempont\u00f3l kih\u00edv\u00e1st jelent a digit\u00e1lis tanrend.\u201d<\/span><\/i><\/p>\n<p><i><span style=\"font-weight: 400;\">\u201eAz online oktat\u00e1s alatt is mindent megtesz az iskola, hogy ezeket a lehet\u0151s\u00e9geket fenntarts\u00e1k sz\u00e1munkra. Az online t\u00e9rben megtartj\u00e1k a szakk\u00f6r\u00f6ket, az \u00fcnneps\u00e9geket, a verseny-, illetve vizsga felk\u00e9sz\u00edt\u00e9seket, \u00e9s term\u00e9szetesen minden tan\u00f3r\u00e1t is. Ezen k\u00edv\u00fcl, b\u00e1rmikor k\u00e9rhet\u00fcnk seg\u00edts\u00e9get \u00e9s r\u00e9szt vehet\u00fcnk korrepet\u00e1l\u00e1sokon, illetve tehets\u00e9ggondoz\u00e1sokon.\u201d<\/span><\/i><\/p>\n<p><i><span style=\"font-weight: 400;\">\u201eA nem jelenl\u00e9ti oktat\u00e1s \u00e1ltal\u00e1nos neh\u00e9zs\u00e9gei mellett a h\u00e1tr\u00e1nyos helyzet\u0171 di\u00e1koknak, a h\u00e1tr\u00e1nyos r\u00e9gi\u00f3, t\u00e9rs\u00e9g okozta neh\u00e9zs\u00e9gekkel is meg kellett k\u00fczdeni\u00fck. Sok esetben az eszk\u00f6zhi\u00e1ny (tablet, telefon vagy laptop), mell\u00e9 az otthoni sz\u00e9less\u00e1v\u00fa internet-el\u00e9r\u00e9s hi\u00e1nya, vagy az internet akadoz\u00e1sa is t\u00e1rsult. Tov\u00e1bb\u00e1 a saj\u00e1t priv\u00e1t tanul\u00e1si t\u00e9r sokak sz\u00e1m\u00e1ra nem biztos\u00edtott-, akad\u00e1lyozta a tanul\u00e1st. T\u00f6bb h\u00e1ztart\u00e1sban-, is be kell seg\u00edteni a tanul\u00f3nak is a meg\u00e9lhet\u00e9sbe.\u201d<\/span><\/i><\/p>\n<p><i><span style=\"font-weight: 400;\">\u201eEzeket a hi\u00e1nyoss\u00e1gokat felismerve h\u00e1tr\u00e1nyos r\u00e9gi\u00f3ban \u00e9l\u0151 AJTP \u2013s di\u00e1kt\u00e1rsaimnak az eszk\u00f6z\u00f6k biztos\u00edt\u00e1s\u00e1ban igyekezett iskol\u00e1nk seg\u00edteni. Ezek az eszk\u00f6z\u00f6k: tabletek, laptopok, illetve p\u00e9nz\u00fcgyi t\u00e1mogat\u00e1st is kaptunk r\u00e1. Ez\u00e1ltal t\u0151l\u00fcnk kevesebben maradtak ki az oktat\u00e1sb\u00f3l.\u201d<\/span><\/i><\/p>\n<p><i><span style=\"font-weight: 400;\">\u201eA neh\u00e9z helyzet ellen\u00e9re is mindig megpr\u00f3b\u00e1lj\u00e1k a maximumot ny\u00fajtani, \u00e9s olyan hat\u00e1st kelteni a digit\u00e1lis t\u00e9rben, mint ha az iskol\u00e1ban lenn\u00e9nk \u00e9s ezek mellett, m\u00e9g t\u00e1mogatnak is minket mindenben. Ebb\u0151l ad\u00f3d\u00f3an, a hipot\u00e9zisem a k\u00f6vetkez\u0151: Az AJTP-s tanul\u00f3k az online oktat\u00e1s alatt sem maradtak egyed\u00fcl a tanul\u00e1sban, az \u00e9rzelmi t\u00e1mogat\u00e1sban.[\u2026]<\/span><\/i><\/p>\n<p><i><span style=\"font-weight: 400;\">\u201e\u00dagy \u00e9rzem, hogy az\u00e1ltal, hogy beteljes\u00fclt a hipot\u00e9zisem siker\u00fclt kifejeznem, hogy mennyit is jelent nekem, a koll\u00e9gium, az iskola \u00e9s az Arany J\u00e1nos Tehets\u00e9ggondoz\u00f3 Program. Mikor jelentkeztem, nem gondoltam volna, hogy ennyi \u00e9lm\u00e9nyben lesz r\u00e9szem az 5 \u00e9v alatt. Nagyon h\u00e1l\u00e1s vagyok a sok lehet\u0151s\u00e9g miatt, hiszen a program \u00e9s az iskola n\u00e9lk\u00fcl nem lett volna ennyi lehet\u0151s\u00e9gem. A hipot\u00e9zisem mellett az is beigazol\u00f3dott, hogy a tan\u00edt\u00e1s nem csak a technikai eszk\u00f6z\u00f6kben rejlik, hanem a tan\u00e1rok magyar\u00e1z\u00f3, k\u00f6nnyen \u00e9rthet\u0151 tan\u00edt\u00e1si st\u00edlusaiban, valamit a tanul\u00f3k befogad\u00f3 k\u00e9pess\u00e9g\u00e9ben<\/span><\/i><span style=\"font-weight: 400;\">.\u201d<\/span><\/p>\n<p><span style=\"font-weight: 400;\">Az Arany J\u00e1nos Tehets\u00e9ggondoz\u00f3 Program a digit\u00e1lis tanrend idej\u00e9n is meg\u00e1llta a hely\u00e9t. A k\u00f6zel 20 \u00e9ves tapasztalatunk azt mutatja, hogy nemcsak a tanul\u00f3k, de mi pedag\u00f3gusok \u00e9s maga az iskola illetve a koll\u00e9gium is szeg\u00e9nyebb volna n\u00e9lk\u00fcle. Jelenleg is a Program meg\u00fajul\u00e1si lehet\u0151s\u00e9gein dolgozunk t\u00f6retlen lelkesed\u00e9ssel, szakmai nyitotts\u00e1ggal, \u0151szinte elk\u00f6telez\u0151d\u00e9ssel, orsz\u00e1gos szakmai egy\u00fctt gondolkod\u00e1ssal, \u00f6sszefog\u00e1ssal.\u00a0<\/span><\/p>\n\n\n<figure class=\"wp-block-gallery has-nested-images columns-default is-cropped wp-block-gallery-1 is-layout-flex wp-block-gallery-is-layout-flex\">\n<figure class=\"wp-block-image size-large\"><img loading=\"lazy\" decoding=\"async\" width=\"1024\" height=\"768\" data-id=\"1946\" src=\"https:\/\/besi.hu\/wp-content\/uploads\/2021\/10\/erettsegi_12A_2021-1024x768.jpg\" alt=\"\" class=\"wp-image-1946\" srcset=\"https:\/\/besi.hu\/wp-content\/uploads\/2021\/10\/erettsegi_12A_2021-1024x768.jpg 1024w, https:\/\/besi.hu\/wp-content\/uploads\/2021\/10\/erettsegi_12A_2021-300x225.jpg 300w, https:\/\/besi.hu\/wp-content\/uploads\/2021\/10\/erettsegi_12A_2021-768x576.jpg 768w, https:\/\/besi.hu\/wp-content\/uploads\/2021\/10\/erettsegi_12A_2021-1536x1152.jpg 1536w, https:\/\/besi.hu\/wp-content\/uploads\/2021\/10\/erettsegi_12A_2021-2048x1536.jpg 2048w, https:\/\/besi.hu\/wp-content\/uploads\/2021\/10\/erettsegi_12A_2021-267x200.jpg 267w\" sizes=\"auto, (max-width: 1024px) 100vw, 1024px\" \/><figcaption class=\"wp-element-caption\">A fot\u00f3n a 2021-ben v\u00e9gzett Arany J\u00e1nos Tehets\u00e9ggondoz\u00f3 Program 12.A oszt\u00e1lya, emelt \u00e9s k\u00f6z\u00e9pszint\u0171 \u00e9retts\u00e9gi \u00e1tlaguk 4,71. <\/figcaption><\/figure>\n<\/figure>\n\n\n<p><i><span style=\"font-weight: 400;\">\u201eA j\u00f3 iskola nem tesz csod\u00e1t, semmi m\u00e1st nem tehet, mint hogy seg\u00edt abban, hogy mindenki olyan legyen, amilyen lenni tud. Senkit nem lehet tehets\u00e9gre nevelni, nem lehet a hi\u00e1nyz\u00f3 tehets\u00e9get egy injekci\u00f3val bel\u00e9nk \u00fcltetni. Viszont a benn\u00fcnk rejl\u0151 k\u00fcl\u00f6nb\u00f6z\u0151 tehets\u00e9geket igenis lehet t\u00e1mogatni \u00e9s kifejl\u0151dni seg\u00edteni. Tulajdonk\u00e9ppen az iskola legd\u00f6nt\u0151bb feladat\u00e1t abban l\u00e1tom (\u00e9s azt hiszem, hogy tal\u00e1n ebben a legkev\u00e9sb\u00e9 eredm\u00e9nyes) hogy seg\u00edtsen megtal\u00e1lni \u00f6nmagunkat.\u201d(Rubik Ern\u0151)<\/span><\/i><\/p>\n\n<div class=\"wp-block-image\">\n<figure class=\"aligncenter size-large\"><img loading=\"lazy\" decoding=\"async\" width=\"709\" height=\"1024\" src=\"https:\/\/besi.hu\/wp-content\/uploads\/2023\/11\/image-1-709x1024.png\" alt=\"\" class=\"wp-image-2580\" srcset=\"https:\/\/besi.hu\/wp-content\/uploads\/2023\/11\/image-1-709x1024.png 709w, https:\/\/besi.hu\/wp-content\/uploads\/2023\/11\/image-1-208x300.png 208w, https:\/\/besi.hu\/wp-content\/uploads\/2023\/11\/image-1-768x1109.png 768w, https:\/\/besi.hu\/wp-content\/uploads\/2023\/11\/image-1-1063x1536.png 1063w, https:\/\/besi.hu\/wp-content\/uploads\/2023\/11\/image-1-138x200.png 138w, https:\/\/besi.hu\/wp-content\/uploads\/2023\/11\/image-1.png 1125w\" sizes=\"auto, (max-width: 709px) 100vw, 709px\" \/><\/figure>\n<\/div>\n\n\n<p class=\"has-text-align-center\">A FELV\u00c9TELI LEGFONTOSABB D\u00c1TUMAI<\/p>\n\n\n\n<ul class=\"wp-block-list\">\n<li>Jelentkez\u00e9s az \u00edr\u00e1sbelire: <strong>2023.<\/strong><strong> <\/strong><strong>november<\/strong><strong> <\/strong><strong>30.<\/strong><strong><\/strong><\/li>\n\n\n\n<li>Az Arany J\u00e1nos Tehets\u00e9ggondoz\u00f3 Programra t\u00f6rt\u00e9n\u0151 p\u00e1ly\u00e1zatok beny\u00fajt\u00e1sa: <strong>2023. december 08.<\/strong><\/li>\n\n\n\n<li>\u00cdr\u00e1sbeli felv\u00e9teli nyolcadik \u00e9vfolyamon: <strong>2024.<\/strong><strong> <\/strong><strong>janu\u00e1r<\/strong><strong> <\/strong><strong>20.<\/strong><strong><\/strong><\/li>\n\n\n\n<li>Arany J\u00e1nos Tehets\u00e9ggondoz\u00f3 Program felv\u00e9teli: <strong>2024. janu\u00e1r 19-20.<\/strong><\/li>\n\n\n\n<li>\u00cdr\u00e1sbeli felv\u00e9teli eredm\u00e9nyek kihirdet\u00e9se: <strong>2024.<\/strong><strong> <\/strong><strong>febru\u00e1r<\/strong><strong> <\/strong><strong>9.<\/strong><strong><\/strong><\/li>\n\n\n\n<li>Az Arany J\u00e1nos Tehets\u00e9ggondoz\u00f3 Programba felvett tanul\u00f3k \u00e9rtes\u00edt\u00e9se: <strong>2024. febru\u00e1r 9.<\/strong><\/li>\n\n\n\n<li>Ideiglenes felv\u00e9teli jegyz\u00e9k: <strong>2024.<\/strong><strong> <\/strong><strong>m\u00e1rcius<\/strong><strong> <\/strong><strong>22.<\/strong><strong><\/strong><\/li>\n\n\n\n<li>Felv\u00e9teli d\u00f6nt\u00e9s: <strong>2024.<\/strong><strong> m\u00e1jus 02.<\/strong><strong><\/strong><\/li>\n\n\n\n<li>Beiratkoz\u00e1s: <strong>2024. j\u00fanius 26-28.<\/strong><strong><\/strong><\/li>\n<\/ul>\n<div class=\"pvc_clear\"><\/div><p id=\"pvc_stats_2574\" class=\"pvc_stats all  \" data-element-id=\"2574\" style=\"\"><i class=\"pvc-stats-icon medium\" aria-hidden=\"true\"><svg aria-hidden=\"true\" focusable=\"false\" data-prefix=\"far\" data-icon=\"chart-bar\" role=\"img\" xmlns=\"http:\/\/www.w3.org\/2000\/svg\" viewBox=\"0 0 512 512\" class=\"svg-inline--fa fa-chart-bar fa-w-16 fa-2x\"><path fill=\"currentColor\" d=\"M396.8 352h22.4c6.4 0 12.8-6.4 12.8-12.8V108.8c0-6.4-6.4-12.8-12.8-12.8h-22.4c-6.4 0-12.8 6.4-12.8 12.8v230.4c0 6.4 6.4 12.8 12.8 12.8zm-192 0h22.4c6.4 0 12.8-6.4 12.8-12.8V140.8c0-6.4-6.4-12.8-12.8-12.8h-22.4c-6.4 0-12.8 6.4-12.8 12.8v198.4c0 6.4 6.4 12.8 12.8 12.8zm96 0h22.4c6.4 0 12.8-6.4 12.8-12.8V204.8c0-6.4-6.4-12.8-12.8-12.8h-22.4c-6.4 0-12.8 6.4-12.8 12.8v134.4c0 6.4 6.4 12.8 12.8 12.8zM496 400H48V80c0-8.84-7.16-16-16-16H16C7.16 64 0 71.16 0 80v336c0 17.67 14.33 32 32 32h464c8.84 0 16-7.16 16-16v-16c0-8.84-7.16-16-16-16zm-387.2-48h22.4c6.4 0 12.8-6.4 12.8-12.8v-70.4c0-6.4-6.4-12.8-12.8-12.8h-22.4c-6.4 0-12.8 6.4-12.8 12.8v70.4c0 6.4 6.4 12.8 12.8 12.8z\" class=\"\"><\/path><\/svg><\/i> <img loading=\"lazy\" decoding=\"async\" width=\"16\" height=\"16\" alt=\"Loading\" src=\"https:\/\/besi.hu\/wp-content\/plugins\/page-views-count\/ajax-loader-2x.gif\" border=0 \/><\/p><div class=\"pvc_clear\"><\/div>","protected":false},"excerpt":{"rendered":"<p>\u201eEgyetlen napot sem \u00e9lhetsz meg an\u00e9lk\u00fcl, hogy ne lenn\u00e9l hat\u00e1ssala k\u00f6r\u00fcl\u00f6tted l\u00e9v\u0151 vil\u00e1gra, m\u00e1sokra. Mert minden, amit teszel \u00e9sny\u00fajtasz m\u00e1soknak, az sz\u00e1m\u00edt! Egyed\u00fcl Te d\u00f6nt\u00f6d el, hogy milegyen az&#8230;.&#8221; (SBG Buddha) Az Arany J\u00e1nos Tehets\u00e9ggondoz\u00f3 Program, k\u00e9ts\u00e9gk\u00edv\u00fcl a mai magyar k\u00f6znevel\u00e9s gy\u00f6ngyszeme, 20 \u00e9ve t\u00f6retlen\u00fcl, folyamatos anyagi \u00e9s szakmai t\u00e1mogatotts\u00e1ggal&#8230;<\/p>\n<div class=\"pvc_clear\"><\/div>\n<p id=\"pvc_stats_2574\" class=\"pvc_stats all  \" data-element-id=\"2574\" style=\"\"><i class=\"pvc-stats-icon medium\" aria-hidden=\"true\"><svg aria-hidden=\"true\" focusable=\"false\" data-prefix=\"far\" data-icon=\"chart-bar\" role=\"img\" xmlns=\"http:\/\/www.w3.org\/2000\/svg\" viewBox=\"0 0 512 512\" class=\"svg-inline--fa fa-chart-bar fa-w-16 fa-2x\"><path fill=\"currentColor\" d=\"M396.8 352h22.4c6.4 0 12.8-6.4 12.8-12.8V108.8c0-6.4-6.4-12.8-12.8-12.8h-22.4c-6.4 0-12.8 6.4-12.8 12.8v230.4c0 6.4 6.4 12.8 12.8 12.8zm-192 0h22.4c6.4 0 12.8-6.4 12.8-12.8V140.8c0-6.4-6.4-12.8-12.8-12.8h-22.4c-6.4 0-12.8 6.4-12.8 12.8v198.4c0 6.4 6.4 12.8 12.8 12.8zm96 0h22.4c6.4 0 12.8-6.4 12.8-12.8V204.8c0-6.4-6.4-12.8-12.8-12.8h-22.4c-6.4 0-12.8 6.4-12.8 12.8v134.4c0 6.4 6.4 12.8 12.8 12.8zM496 400H48V80c0-8.84-7.16-16-16-16H16C7.16 64 0 71.16 0 80v336c0 17.67 14.33 32 32 32h464c8.84 0 16-7.16 16-16v-16c0-8.84-7.16-16-16-16zm-387.2-48h22.4c6.4 0 12.8-6.4 12.8-12.8v-70.4c0-6.4-6.4-12.8-12.8-12.8h-22.4c-6.4 0-12.8 6.4-12.8 12.8v70.4c0 6.4 6.4 12.8 12.8 12.8z\" class=\"\"><\/path><\/svg><\/i> <img loading=\"lazy\" decoding=\"async\" width=\"16\" height=\"16\" alt=\"Loading\" src=\"https:\/\/besi.hu\/wp-content\/plugins\/page-views-count\/ajax-loader-2x.gif\" border=0 \/><\/p>\n<div class=\"pvc_clear\"><\/div>\n","protected":false},"author":1,"featured_media":0,"parent":0,"menu_order":0,"comment_status":"closed","ping_status":"closed","template":"","meta":{"footnotes":""},"class_list":["post-2574","page","type-page","status-publish","hentry"],"aioseo_notices":[],"a3_pvc":{"activated":true,"total_views":1556,"today_views":0},"_links":{"self":[{"href":"https:\/\/besi.hu\/index.php?rest_route=\/wp\/v2\/pages\/2574","targetHints":{"allow":["GET"]}}],"collection":[{"href":"https:\/\/besi.hu\/index.php?rest_route=\/wp\/v2\/pages"}],"about":[{"href":"https:\/\/besi.hu\/index.php?rest_route=\/wp\/v2\/types\/page"}],"author":[{"embeddable":true,"href":"https:\/\/besi.hu\/index.php?rest_route=\/wp\/v2\/users\/1"}],"replies":[{"embeddable":true,"href":"https:\/\/besi.hu\/index.php?rest_route=%2Fwp%2Fv2%2Fcomments&post=2574"}],"version-history":[{"count":5,"href":"https:\/\/besi.hu\/index.php?rest_route=\/wp\/v2\/pages\/2574\/revisions"}],"predecessor-version":[{"id":2584,"href":"https:\/\/besi.hu\/index.php?rest_route=\/wp\/v2\/pages\/2574\/revisions\/2584"}],"wp:attachment":[{"href":"https:\/\/besi.hu\/index.php?rest_route=%2Fwp%2Fv2%2Fmedia&parent=2574"}],"curies":[{"name":"wp","href":"https:\/\/api.w.org\/{rel}","templated":true}]}}