{"id":2585,"date":"2023-11-14T10:56:55","date_gmt":"2023-11-14T09:56:55","guid":{"rendered":"https:\/\/besi.hu\/?page_id=2585"},"modified":"2025-10-07T09:37:44","modified_gmt":"2025-10-07T07:37:44","slug":"kozossegi-szolgalat","status":"publish","type":"page","link":"https:\/\/besi.hu\/?page_id=2585","title":{"rendered":"K\u00f6z\u00f6ss\u00e9gi szolg\u00e1lat"},"content":{"rendered":"<p>A nemzeti k\u00f6znevel\u00e9sr\u0151l sz\u00f3l\u00f3 2011. \u00e9vi CXC. t\u00f6rv\u00e9ny r\u00f6gz\u00edti, hogy az \u00e9retts\u00e9gi nemcsak szellemi, tant\u00e1rgyi tud\u00e1st m\u00e9r. Megfogalmazza azt a pedag\u00f3giai c\u00e9lt is, hogy a szoci\u00e1lis k\u00e9szs\u00e9gek, a t\u00e1rsadalmi \u00e9rz\u00e9kenys\u00e9g kimunk\u00e1l\u00e1sa is sz\u00fcks\u00e9ges ahhoz, hogy valaki \u00e9rett legyen, \u00e9s a k\u00f6z\u00e9piskolai tanulm\u00e1nyait befejezze.<\/p>\n<p>Ennek a pedag\u00f3giai c\u00e9lnak az el\u00e9r\u00e9s\u00e9t hivatott seg\u00edteni az iskol\u00e1nkban a 2012-es \u00e9vt\u0151l megszervezett k\u00f6z\u00f6ss\u00e9gi szolg\u00e1lat, mely hozz\u00e1j\u00e1rul ahhoz, hogy az igen soksz\u00edn\u0171 t\u00e1rsadalmi h\u00e1tt\u00e9rrel rendelkez\u0151, \u00e9s igen v\u00e1ltozatos szoci\u00e1lis k\u00f6rnyezetb\u0151l \u00e9rkez\u0151 tanul\u00f3ink embert\u00e1rsaik probl\u00e9m\u00e1ira \u00e9rz\u00e9kenyebb\u00e9, egym\u00e1s ir\u00e1nt toler\u00e1nsabb\u00e1, befogad\u00f3bb\u00e1 v\u00e1ljanak. Seg\u00edti a h\u00e1tr\u00e1nyos helyzet\u0171 vagy fogyat\u00e9kkal \u00e9l\u0151 emberek ir\u00e1nti szoci\u00e1lis \u00e9rz\u00e9kenys\u00e9g \u00e9s seg\u00edt\u0151 magatart\u00e1s kialak\u00edt\u00e1s\u00e1t.<\/p>\n<p>A Kisv\u00e1rdai Bessenyei Gy\u00f6rgy Gimn\u00e1zium \u00e9s Koll\u00e9gium a k\u00f6z\u00f6ss\u00e9gi szolg\u00e1lat programj\u00e1t a helyi adotts\u00e1gok, lehet\u0151s\u00e9gek \u00e9s a fogad\u00f3 szervezetek felk\u00e9sz\u00fclts\u00e9g\u00e9nek figyelembev\u00e9tel\u00e9vel alak\u00edtja ki, mik\u00f6zben igyekszik a tanul\u00f3k elk\u00e9pzel\u00e9seihez \u00e9s terveihez is igazodni.<\/p>\n<ol>\n<li><strong>Jogszab\u00e1lyi h\u00e1tt\u00e9r<\/strong><\/li>\n<\/ol>\n<p><strong>\u00a0<\/strong><\/p>\n<ol>\n<li><strong>Vonatkoz\u00f3 t\u00f6rv\u00e9nyek<\/strong><\/li>\n<\/ol>\n<p><strong>\u00a0<\/strong><\/p>\n<ul>\n<li>Nemzeti K\u00f6znevel\u00e9si T\u00f6rv\u00e9ny <em>(2011. \u00e9vi CXC.tv.)<\/em><\/li>\n<li>A nevel\u00e9si-oktat\u00e1si int\u00e9zm\u00e9nyek m\u0171k\u00f6d\u00e9s\u00e9r\u0151l \u00e9s a k\u00f6znevel\u00e9si int\u00e9zm\u00e9nyek n\u00e9vhaszn\u00e1lat\u00e1r\u00f3l sz\u00f3l\u00f3 v\u00e9grehajt\u00e1si rendelet <em>(20\/2012. \u00e9vi EMMI rendelet)<\/em><\/li>\n<li>Korm\u00e1nyrendelet az \u00e9retts\u00e9gi vizsga vizsgaszab\u00e1lyzat\u00e1nak kiad\u00e1s\u00e1r\u00f3l <em>(100\/1997.\u00e9vi Korm\u00e1nyrendelet)<\/em><\/li>\n<li>K\u00f6z\u00e9rdek\u0171 \u00f6nk\u00e9ntes tev\u00e9kenys\u00e9gr\u0151l sz\u00f3l\u00f3 t\u00f6rv\u00e9ny <em>(2005.\u00e9vi LXXXVIII.tv.)<\/em><\/li>\n<\/ul>\n<ol start=\"2\">\n<li><strong>A k\u00f6z\u00f6ss\u00e9gi szolg\u00e1lat fogalma<\/strong><\/li>\n<\/ol>\n<p><strong>\u00a0<\/strong><\/p>\n<p>A \u201ek\u00f6z\u00f6ss\u00e9gi szolg\u00e1lat: szoci\u00e1lis, k\u00f6rnyezetv\u00e9delmi, a tanul\u00f3 helyi k\u00f6z\u00f6ss\u00e9g\u00e9nek jav\u00e1t szolg\u00e1l\u00f3, szervezett keretek k\u00f6z\u00f6tt folytatott, anyagi \u00e9rdekt\u0151l f\u00fcggetlen, egy\u00e9ni vagy csoportos tev\u00e9kenys\u00e9g \u00e9s annak pedag\u00f3giai feldolgoz\u00e1sa.\u201d<\/p>\n<ol start=\"3\">\n<li><strong>A k\u00f6z\u00f6ss\u00e9gi szolg\u00e1lat c\u00e9lja<\/strong><\/li>\n<\/ol>\n<p><strong>\u00a0<\/strong><\/p>\n<ul>\n<li>Fejleszti a tanul\u00f3k kommunik\u00e1ci\u00f3s k\u00e9szs\u00e9g\u00e9t, szoci\u00e1lis \u00e9rz\u00e9kenys\u00e9g\u00e9t, \u00e9rzelmi intelligenci\u00e1j\u00e1t, emp\u00e1ti\u00e1j\u00e1t, felel\u0151ss\u00e9gv\u00e1llal\u00e1s\u00e1t, \u00f6nismeret\u00e9t.<\/li>\n<li>Fontos szerepet t\u00f6lthet be a p\u00e1lyaorient\u00e1ci\u00f3 folyamat\u00e1ba, melynek eredm\u00e9nyek\u00e9nt seg\u00edtheti a tanul\u00f3k p\u00e1lyav\u00e1laszt\u00e1s\u00e1t.<\/li>\n<\/ul>\n<p><strong>\u00a0<\/strong><\/p>\n<ol start=\"4\">\n<li><strong>A k\u00f6z\u00f6ss\u00e9gi szolg\u00e1lat program \u00e9rt\u00e9ke<\/strong><\/li>\n<\/ol>\n<p><strong>\u00a0<\/strong><\/p>\n<ul>\n<li>\u00fajfajta pedag\u00f3giai kult\u00far\u00e1t jelent az \u00e9lm\u00e9nypedag\u00f3gi\u00e1n kereszt\u00fcl;<\/li>\n<li>tan\u00f3r\u00e1n k\u00edv\u00fcli tev\u00e9kenys\u00e9ggel, inform\u00e1lis \u00e9s nem form\u00e1lis eszk\u00f6z\u00f6k felhaszn\u00e1l\u00e1s\u00e1val er\u0151s\u00edti a tanul\u00f3k szoci\u00e1lis \u00e9rz\u00e9kenys\u00e9g\u00e9t;<\/li>\n<li>a di\u00e1kok a munka vil\u00e1g\u00e1r\u00f3l (k\u00fcl\u00f6nf\u00e9le szervezetek m\u0171k\u00f6d\u00e9s\u00e9vel, munkak\u00f6r\u00f6kkel kapcsolatban) k\u00f6zvetlen tapasztalatot szerezhetnek, amely p\u00e1lyaorient\u00e1ci\u00f3 szempontj\u00e1b\u00f3l seg\u00edts\u00e9get jelent a sz\u00e1mukra;<\/li>\n<li>sz\u00e1mos tulajdons\u00e1g, a k\u00e9s\u0151bbi munkav\u00e1llal\u00e1shoz sz\u00fcks\u00e9ges k\u00e9szs\u00e9g \u00edgy a gyakorlatban, val\u00f3di \u00e9lethelyzetben tud fejl\u0151dni;<\/li>\n<li>a tanul\u00f3k tapasztalatot szerezhetnek t\u00e1rsadalmi probl\u00e9m\u00e1kkal kapcsolatban;<\/li>\n<li>olyan gyakorlati terep, ahol az iskol\u00e1ban elsaj\u00e1t\u00edtott elm\u00e9leti ismeretek mellett az \u00e9letvezet\u00e9si k\u00e9szs\u00e9geik is fejl\u0151dhetnek.<\/li>\n<\/ul>\n<p><strong>\u00a0<\/strong><\/p>\n<ol start=\"5\">\n<li><strong>Tev\u00e9kenys\u00e9gi ter\u00fcletek<\/strong><\/li>\n<\/ol>\n<p><strong>\u00a0<\/strong><\/p>\n<p>A k\u00f6z\u00f6ss\u00e9gi szolg\u00e1lat a t\u00f6rv\u00e9nyi el\u0151\u00edr\u00e1sok, \u00a0a helyi lehet\u0151s\u00e9gek \u00e9s a tanul\u00f3i ig\u00e9nyek figyelembev\u00e9tel\u00e9vel a k\u00f6vetkez\u0151 ter\u00fcleteken szervezhet\u0151 meg:<\/p>\n<ul>\n<li>eg\u00e9szs\u00e9g\u00fcgyi (minden esetben mentort kell biztos\u00edtani ezen a tev\u00e9kenys\u00e9gi ter\u00fcleten),<\/li>\n<li>szoci\u00e1lis \u00e9s j\u00f3t\u00e9konys\u00e1gi,<\/li>\n<li>oktat\u00e1si,<\/li>\n<li>kultur\u00e1lis, k\u00f6z\u00f6ss\u00e9gi,<\/li>\n<li>k\u00f6rnyezet- \u00e9s term\u00e9szetv\u00e9delmi,<\/li>\n<li>katasztr\u00f3fav\u00e9delmi,<\/li>\n<li>sport- \u00e9s szabadid\u0151s tev\u00e9kenys\u00e9gek (\u00f3vod\u00e1s kor\u00fa, saj\u00e1tos nevel\u00e9si ig\u00e9ny\u0171 gyermekekkel, tanul\u00f3kkal, id\u0151s emberekkel k\u00f6z\u00f6sen),<\/li>\n<li>egyes rend\u0151rs\u00e9gi feladatok ell\u00e1t\u00e1s\u00e1ra l\u00e9trehozott szervekn\u00e9l b\u0171n- \u00e9s baleset-megel\u0151z\u00e9si ter\u00fcleten.<\/li>\n<\/ul>\n<p><strong>\u00a0<\/strong><\/p>\n<ol start=\"6\">\n<li><strong>Kapcsolat a fogad\u00f3szervezetekkel<\/strong><\/li>\n<\/ol>\n<p><strong>\u00a0<\/strong><\/p>\n<p>Iskol\u00e1nkban a fogad\u00f3 szervezetekkel t\u00f6rt\u00e9n\u0151 kapcsolatfelv\u00e9telnek t\u00f6bb \u00fatja lehets\u00e9ges:<\/p>\n<ul>\n<li>iskolai oldalr\u00f3l t\u00f6rt\u00e9n\u0151 kezdem\u00e9nyez\u00e9s,<\/li>\n<li>a fogad\u00f3 szervezet ir\u00e1ny\u00e1b\u00f3l \u00e9rkez\u0151 felk\u00e9r\u00e9s az <a href=\"https:\/\/besi.hu\/wp-content\/uploads\/2023\/11\/Egyuttmukodesi-megallapodas_minta_2023.docx\" target=\"_blank\" rel=\"noopener\">egy\u00fcttm\u0171k\u00f6d\u00e9sre<\/a>,<\/li>\n<li>a tanul\u00f3 (esetleg a sz\u00fcl\u0151) r\u00e9sz\u00e9r\u0151l \u00e9rkez\u0151 aj\u00e1nlat a k\u00f6z\u00f6ss\u00e9gi szolg\u00e1lat helysz\u00edn\u00e9re.<\/li>\n<\/ul>\n<p>A fogad\u00f3 szervezetekkel az iskola egy\u00fcttm\u0171k\u00f6d\u00e9si meg\u00e1llapod\u00e1st k\u00f6t, amit k\u00e9t \u00e9vente meg\u00faj\u00edt.<\/p>\n<p>A tanul\u00f3kat \u00e9s sz\u00fcl\u0151ket t\u00e1j\u00e9koztatjuk a v\u00e1laszthat\u00f3 lehet\u0151s\u00e9gekr\u0151l, a tanul\u00f3 \u00f6nk\u00e9nt v\u00e1laszthatja ki azt a helyet, tev\u00e9kenys\u00e9get, amely sz\u00e1m\u00e1ra a legvonz\u00f3bb, leghasznosabb, amelyhez kell\u0151en motiv\u00e1lt.<\/p>\n<p>A szolg\u00e1lat teljes\u00edt\u00e9se kiz\u00e1r\u00f3lag abban az esetben fogadhat\u00f3 el, ha az adott szervezettel az iskol\u00e1nak \u00e9rv\u00e9nyes egy\u00fcttm\u0171k\u00f6d\u00e9si meg\u00e1llapod\u00e1sa van.<\/p>\n<p>A szolg\u00e1lat dokument\u00e1l\u00e1sa a k\u00f6z\u00f6ss\u00e9gi szolg\u00e1lati napl\u00f3ban t\u00f6rt\u00e9nik, melyet a di\u00e1k vezet. A fogad\u00f3 szervezet a tev\u00e9kenys\u00e9g elv\u00e9gz\u00e9s\u00e9t \u00e9s idej\u00e9t al\u00e1\u00edr\u00e1ssal \u00e9s pecs\u00e9ttel igazolja.<\/p>\n<p>Fogad\u00f3 szervezet lehet:<\/p>\n<ul>\n<li>a helyi \u00f6nkorm\u00e1nyzat, a helyi \u00f6nkorm\u00e1nyzatok t\u00e1rsul\u00e1sa \u00e9s a telep\u00fcl\u00e9si \u00f6nkorm\u00e1nyzatok t\u00f6bbc\u00e9l\u00fa kist\u00e9rs\u00e9gi t\u00e1rsul\u00e1sa az \u00e1ltala biztos\u00edtott k\u00f6zszolg\u00e1ltat\u00e1sok \u00e9s katasztr\u00f3fav\u00e9delmi feladatai k\u00f6r\u00e9ben;<\/li>\n<li>a nemzetis\u00e9gi \u00f6nkorm\u00e1nyzat a jogszab\u00e1lyban meghat\u00e1rozott k\u00f6zfeladatai k\u00f6r\u00e9ben;<\/li>\n<li>a k\u00f6lts\u00e9gvet\u00e9si szerv az alaptev\u00e9kenys\u00e9ge k\u00f6r\u00e9ben;<\/li>\n<li>a magyarorsz\u00e1gi sz\u00e9khely\u0171 civil szervezet, k\u00f6zhaszn\u00fa szervezet a k\u00f6zhaszn\u00fa \u00e9s a m\u0171k\u00f6d\u00e9s\u00e9vel \u00f6sszef\u00fcgg\u0151 tev\u00e9kenys\u00e9ge k\u00f6r\u00e9ben;<\/li>\n<li>a magyarorsz\u00e1gi sz\u00e9khely\u0171 egyh\u00e1zi jogi szem\u00e9ly a hit\u00e9leti, a k\u00f6zc\u00e9l\u00fa \u00e9s a m\u0171k\u00f6d\u00e9s\u00e9vel \u00f6sszef\u00fcgg\u0151 tev\u00e9kenys\u00e9ge k\u00f6r\u00e9ben;<\/li>\n<li>szoci\u00e1lis, gyermekj\u00f3l\u00e9ti, gyermekv\u00e9delmi szolg\u00e1ltat\u00f3, illetve int\u00e9zm\u00e9ny;<\/li>\n<li>eg\u00e9szs\u00e9g\u00fcgyi szolg\u00e1ltat\u00f3;<\/li>\n<li>oktat\u00e1si int\u00e9zm\u00e9ny;<\/li>\n<li>fels\u0151oktat\u00e1si int\u00e9zm\u00e9ny;<\/li>\n<li>muze\u00e1lis int\u00e9zm\u00e9ny;<\/li>\n<li>nyilv\u00e1nos k\u00f6nyvt\u00e1r;<\/li>\n<li>k\u00f6zlev\u00e9lt\u00e1r;<\/li>\n<li>nyilv\u00e1nos mag\u00e1nlev\u00e9lt\u00e1r;<\/li>\n<li>k\u00f6zm\u0171vel\u0151d\u00e9si int\u00e9zm\u00e9ny.<\/li>\n<\/ul>\n<p><strong>\u00a0<\/strong><\/p>\n<ol start=\"7\">\n<li><strong>A k\u00f6z\u00f6ss\u00e9gi szolg\u00e1latra ford\u00edtott id\u0151<\/strong><\/li>\n<\/ol>\n<p>Iskol\u00e1nkban minden tanul\u00f3nak legal\u00e1bb 50 \u00f3r\u00e1s k\u00f6z\u00f6ss\u00e9gi szolg\u00e1latot kell teljes\u00edteni, kiv\u00e9ve azon saj\u00e1tos nevel\u00e9si ig\u00e9ny\u0171 tanul\u00f3kat, akiket a szak\u00e9rt\u0151i bizotts\u00e1g javaslata alapj\u00e1n a k\u00f6z\u00f6ss\u00e9gi szolg\u00e1lat al\u00f3l az igazgat\u00f3 hat\u00e1rozatban mentes\u00edt.<\/p>\n<p>A k\u00f6z\u00f6ss\u00e9gi szolg\u00e1lat id\u0151tartama:<\/p>\n<ul>\n<li><u>tan\u00edt\u00e1si napokon<\/u> (tan\u00edt\u00e1si id\u0151n t\u00fal):\n<ul>\n<li>alkalmank\u00e9nt <u>legal\u00e1bb 1, legfeljebb 3 \u00f3ra<\/u><\/li>\n<\/ul>\n<\/li>\n<li><u>tan\u00edt\u00e1si napokon k\u00edv\u00fcl<\/u> (h\u00e9tv\u00e9ge, sz\u00fcnid\u0151):\n<ul>\n<li>alkalmank\u00e9nt <u>legal\u00e1bb 1, legfeljebb 5 \u00f3ra<\/u><\/li>\n<\/ul>\n<\/li>\n<\/ul>\n<p>Egy \u00f3r\u00e1n 60 perc k\u00f6z\u00f6ss\u00e9gi szolg\u00e1lat \u00e9rtend\u0151, melybe nem sz\u00e1m\u00edthat\u00f3 be az helysz\u00ednre utaz\u00e1s \u00e9s a hazautaz\u00e1s ideje.<\/p>\n<p>Miut\u00e1n a k\u00f6z\u00f6ss\u00e9gi szolg\u00e1latot tan\u00edt\u00e1si id\u0151ben nem v\u00e9gezheti a tanul\u00f3, ez\u00e9rt ilyen \u00a0\u00a0\u00a0\u00a0indokkal <u>tan\u00edt\u00e1si \u00f3r\u00e1r\u00f3l nem hi\u00e1nyozhat!<\/u><\/p>\n<p>Miut\u00e1n a k\u00f6z\u00f6ss\u00e9gi szolg\u00e1latot tan\u00edt\u00e1si id\u0151ben nem, csak az ut\u00e1n, illetve h\u00e9tv\u00e9g\u00e9n v\u00e9gezheti a tanul\u00f3, ilyen indokkal <u>nem menthet\u0151 fel a di\u00e1k a m\u00e1snapi sz\u00e1monk\u00e9r\u00e9sek al\u00f3l!<\/u><\/p>\n<p>A k\u00f6z\u00f6ss\u00e9gi szolg\u00e1latot az adott tanul\u00f3 eset\u00e9ben koordin\u00e1l\u00f3 pedag\u00f3gus az \u00f6tven \u00f3r\u00e1n bel\u00fcl \u2013 sz\u00fcks\u00e9g szerint a mentorral k\u00f6z\u00f6sen \u2013 legfeljebb \u00f6t \u00f3r\u00e1s felk\u00e9sz\u00edt\u0151, majd legfeljebb \u00f6t \u00f3r\u00e1s z\u00e1r\u00f3 foglalkoz\u00e1st tart.<\/p>\n<ol start=\"8\">\n<li><strong>A k\u00f6z\u00f6ss\u00e9gi szolg\u00e1lat dokument\u00e1l\u00e1s\u00e1nak k\u00f6telez\u0151 elemei<\/strong><\/li>\n<\/ol>\n<p>A tanul\u00f3nak k\u00f6z\u00f6ss\u00e9gi szolg\u00e1lati <u>jelentkez\u00e9si lapot<\/u> kell kit\u00f6ltenie, amely tartalmazza<\/p>\n<ul>\n<li>a k\u00f6z\u00f6ss\u00e9gi szolg\u00e1latra val\u00f3 jelentkez\u00e9s t\u00e9ny\u00e9t,<\/li>\n<li>a megval\u00f3s\u00edt\u00e1s tervezett hely\u00e9t \u00e9s idej\u00e9t,<\/li>\n<li>valamint a sz\u00fcl\u0151 egyet\u00e9rt\u0151 nyilatkozat\u00e1t.<\/li>\n<\/ul>\n<p>A tanul\u00f3 k\u00f6teles <u>napl\u00f3<\/u>t vezetni, amelyben r\u00f6gz\u00edti, hogy<\/p>\n<ul>\n<li>mikor,<\/li>\n<li>hol,<\/li>\n<li>milyen id\u0151keretben<\/li>\n<li>milyen tev\u00e9kenys\u00e9get folytatott.<\/li>\n<\/ul>\n<p>A kijel\u00f6lt pedag\u00f3gus (int\u00e9zm\u00e9ny\u00fcnkben az oszt\u00e1lyf\u0151n\u00f6k) dokument\u00e1lja a k\u00f6z\u00f6ss\u00e9gi szolg\u00e1lat teljes\u00edt\u00e9s\u00e9t:<\/p>\n<ul>\n<li>az oszt\u00e1lynapl\u00f3ban,<\/li>\n<li>a bizony\u00edtv\u00e1nyban,<\/li>\n<li>a t\u00f6rzslapon.<\/li>\n<\/ul>\n<p>Az iskol\u00e1n k\u00edv\u00fcli k\u00fcls\u0151 szervezet \u00e9s k\u00f6zrem\u0171k\u00f6d\u0151 mentor bevon\u00e1sakor az iskola \u00e9s a felek egy\u00fcttm\u0171k\u00f6d\u00e9s\u00e9r\u0151l <u>meg\u00e1llapod\u00e1s<\/u>t kell k\u00f6tni, amelynek tartalmaznia kell a meg\u00e1llapod\u00e1st al\u00e1\u00edr\u00f3 felek adatain \u00e9s v\u00e1llalt k\u00f6telezetts\u00e9gein t\u00fal a foglalkoztat\u00e1s id\u0151tartam\u00e1t, a v\u00e9gzett tev\u00e9kenys\u00e9geket, a mentor nev\u00e9t \u00e9s feladatk\u00f6r\u00e9t.<\/p>\n<p>Az iskola a k\u00f6z\u00f6ss\u00e9gi szolg\u00e1lattal kapcsolatos dokumentumok kezel\u00e9s\u00e9t az iratkezel\u00e9si szab\u00e1lyzat\u00e1ban r\u00f6gz\u00edti<\/p>\n<p>Az iskola a k\u00f6z\u00f6ss\u00e9gi szolg\u00e1lat teljes\u00edt\u00e9s\u00e9r\u0151l a tanul\u00f3i jogviszony tan\u00e9v k\u00f6zbeni megsz\u0171n\u00e9sekor igazol\u00e1st \u00e1ll\u00edt ki k\u00e9t p\u00e9ld\u00e1nyban, amelyb\u0151l egy p\u00e9ld\u00e1ny a tanul\u00f3n\u00e1l, egy pedig az int\u00e9zm\u00e9nyn\u00e9l marad,<\/p>\n<ol start=\"9\">\n<li><strong>A k\u00f6z\u00f6ss\u00e9gi szolg\u00e1lat teljes\u00edt\u00e9s\u00e9vel kapcsolatos korl\u00e1toz\u00f3 rendelkez\u00e9sek<\/strong><\/li>\n<\/ol>\n<p><strong>\u00a0<\/strong><\/p>\n<p>Az iskolai k\u00f6z\u00f6ss\u00e9gi szolg\u00e1lat k\u00f6zvetlen hozz\u00e1tartoz\u00f3n\u00e1l, rokonn\u00e1l csak k\u00f6zvet\u00edt\u0151 szervezeten kereszt\u00fcl val\u00f3sulhat meg!<\/p>\n<p>Az iskolai k\u00f6z\u00f6ss\u00e9gi szolg\u00e1lat teljes\u00edt\u00e9se sor\u00e1n egyik f\u00e9lnek sem sz\u00e1rmazhat anyagi haszna a tanul\u00f3 tev\u00e9kenys\u00e9g\u00e9b\u0151l!<\/p>\n<p>A tanul\u00f3k olyan tev\u00e9kenys\u00e9get sem v\u00e9gezhetnek, amely b\u00e1rmely int\u00e9zm\u00e9ny munkat\u00e1rsainak el\u0151\u00edrt k\u00f6teless\u00e9ge, amely\u00e9rt egy\u00e9bk\u00e9nt ellenszolg\u00e1ltat\u00e1s j\u00e1rna, szakk\u00e9pzett munkaer\u0151 v\u00e9gezn\u00e9, illetve amelynek elv\u00e9gz\u00e9s\u00e9re megb\u00edz\u00e1s vagy munkaviszony l\u00e9tes\u00edt\u00e9s\u00e9re lenne sz\u00fcks\u00e9g!<\/p>\n<p>Nem vehet r\u00e9szt a di\u00e1k olyan tev\u00e9kenys\u00e9gben, mely b\u00e1rmely int\u00e9zm\u00e9ny v\u00e1llalkoz\u00e1si tev\u00e9kenys\u00e9g\u00e9hez kapcsol\u00f3dik!<\/p>\n<p>Szakmai feladatok ell\u00e1t\u00e1sa, \u00e9s ilyen tev\u00e9kenys\u00e9g v\u00e9geztet\u00e9se tilos!<\/p>\n<p>A k\u00f6z\u00f6ss\u00e9gi szolg\u00e1lat teljes\u00edt\u00e9se sor\u00e1n a di\u00e1k olyan tev\u00e9kenys\u00e9get nem v\u00e9gezhet, amely saj\u00e1t maga vagy m\u00e1sok testi \u00e9ps\u00e9get vesz\u00e9lyeztetheti<\/p>\n<p><strong>\u00a0<\/strong><\/p>\n<ul>\n<li><strong>A k\u00f6z\u00f6ss\u00e9gi szolg\u00e1lat megszervez\u00e9se iskol\u00e1nkban<\/strong><\/li>\n<\/ul>\n<p><strong>\u00a0<\/strong><\/p>\n<ol>\n<li><strong>Szem\u00e9lyi felt\u00e9telek<\/strong><\/li>\n<\/ol>\n<p><strong>\u00a0<\/strong><\/p>\n<p><strong>Az iskolai koordin\u00e1tor feladatai, kijel\u00f6l\u00e9se<\/strong><\/p>\n<ul>\n<li>A k\u00f6z\u00f6ss\u00e9gi szolg\u00e1lat megszervez\u00e9se \u00e9s lebonyol\u00edt\u00e1sa.<\/li>\n<li>Egy\u00fcttm\u0171k\u00f6d\u0151 szervezetek felkutat\u00e1sa, szerz\u0151d\u00e9sk\u00f6t\u00e9s.<\/li>\n<li>Kapcsolattart\u00e1s az egy\u00fcttm\u0171k\u00f6d\u0151 szervezetekkel.<\/li>\n<li>Tanul\u00f3k, sz\u00fcl\u0151k t\u00e1j\u00e9koztat\u00e1sa, jelentkeztet\u00e9s<\/li>\n<li>Az elv\u00e9gzett k\u00f6z\u00f6ss\u00e9gi szolg\u00e1lat igazol\u00e1sa<\/li>\n<li>A k\u00f6z\u00f6ss\u00e9gi szolg\u00e1lattal kapcsolatos k\u00e9rd\u00e9sekben egy\u00fcttm\u0171k\u00f6d\u00e9s az oszt\u00e1lyf\u0151n\u00f6k\u00f6kkel, titk\u00e1rs\u00e1ggal \u00e9s az iskolavezet\u00e9ssel.<\/li>\n<li>Iskolai kimutat\u00e1s naprak\u00e9sz vezet\u00e9se (az oszt\u00e1lynapl\u00f3ban \u00e9s a t\u00f6rzslapon az oszt\u00e1lyf\u0151n\u00f6k dokument\u00e1lja a k\u00f6z\u00f6ss\u00e9gi szolg\u00e1lat teljes\u00edt\u00e9s\u00e9t!)<\/li>\n<li>Az iskolai koordin\u00e1tor szem\u00e9ly\u00e9t az igazgat\u00f3, az igazgat\u00f3helyettesek k\u00f6z\u00fcl jel\u00f6li ki.<\/li>\n<\/ul>\n<p><strong>Az oszt\u00e1lyf\u0151n\u00f6k\u00f6k feladatai<\/strong><\/p>\n<ul>\n<li>A di\u00e1k szolg\u00e1lati napl\u00f3ja alapj\u00e1n napl\u00f3ban, t\u00f6rzsk\u00f6nyvben, bizony\u00edtv\u00e1nyban r\u00f6gz\u00edti a teljes\u00edtett \u00f3r\u00e1k sz\u00e1m\u00e1t.<\/li>\n<li>Kapcsolatot tart, t\u00e1mogat\u00e1st ny\u00fajt a di\u00e1koknak, feldolgozza vel\u00fck az \u00e9lm\u00e9nyeket (oszt\u00e1lyf\u0151n\u00f6ki \u00f3rai besz\u00e9lget\u00e9s, \u00e9rt\u00e9kel\u0151 lap, poszterek, stb).<\/li>\n<\/ul>\n<ol start=\"2\">\n<li><strong>K\u00f6z\u00f6ss\u00e9gi szolg\u00e1latban \u00e9r\u00edntett \u00e9vfolyamok<\/strong><\/li>\n<\/ol>\n<p><strong>\u00a0<\/strong><\/p>\n<p>Iskol\u00e1nkban az 50 \u00f3r\u00e1s k\u00f6z\u00f6ss\u00e9gi szolg\u00e1latot a tanul\u00f3k a 9. (bele\u00e9rtve a 9\/AJTP oszt\u00e1lyt is), a 10. \u00e9s a 11. \u00e9vfolyamon teljes\u00edtik, lehet\u0151s\u00e9g szerint 20-20-10 \u00f3r\u00e1s bont\u00e1sban a k\u00fcl\u00f6nb\u00f6z\u0151 \u00e9vfolyamokon.<\/p>\n<p>Ett\u0151l a megoszt\u00e1st\u00f3l el lehet t\u00e9rni, de mindenk\u00e9ppen szem el\u0151tt kell tartani, hogy a di\u00e1koknak a 11. \u00e9vfolyamon az \u00e9retts\u00e9gi el\u0151k\u00e9sz\u00edt\u0151 foglalkoz\u00e1sok bevezet\u00e9s\u00e9vel megn\u00f6vekednek tanulm\u00e1nyi terheik, \u00edgy kevesebb idej\u00fck jut a k\u00f6z\u00f6ss\u00e9gi szolg\u00e1lati tev\u00e9kenys\u00e9gekre. C\u00e9lszer\u0171 teh\u00e1t a tev\u00e9kenys\u00e9g legnagyobb r\u00e9sz\u00e9t (ak\u00e1r az \u00f6sszes \u00f3r\u00e1t) az els\u0151 k\u00e9t \u00e9vben teljes\u00edteni.<\/p>\n<p><strong>\u00a0<\/strong><\/p>\n<ol start=\"3\">\n<li><strong>A tev\u00e9kenys\u00e9g igazol\u00e1sa<\/strong><\/li>\n<\/ol>\n<p><strong>\u00a0<\/strong><\/p>\n<p>Az 50 \u00f3ra k\u00f6z\u00f6ss\u00e9gi szolg\u00e1lat dokument\u00e1l\u00e1sa a di\u00e1kok r\u00e9sz\u00e9r\u0151l a k\u00f6z\u00f6ss\u00e9gi szolg\u00e1lati napl\u00f3 \u2013 fogad\u00f3 szervezet \u00e1ltal igazolt \u2013 bejegyz\u00e9seivel \u00e9s egy z\u00e1r\u00f3 k\u00e9rd\u0151\u00edv kit\u00f6lt\u00e9s\u00e9vel t\u00f6rt\u00e9nik.<\/p>\n<p><strong>\u00a0<\/strong><\/p>\n<ol start=\"4\">\n<li><strong>K\u00f6z\u00f6ss\u00e9gi szolg\u00e1lati tev\u00e9kenys\u00e9gek iskol\u00e1n bel\u00fcl, az iskola igazgat\u00f3ja \u00e1ltali igazol\u00e1ssal<\/strong><\/li>\n<\/ol>\n<p><strong>\u00a0<\/strong><\/p>\n<p>A Kisv\u00e1rdai Bessenyei Gy\u00f6rgy Gimn\u00e1zium \u00e9s Koll\u00e9gium a t\u00f6rv\u00e9nyi el\u0151\u00edr\u00e1sok, a helyi adotts\u00e1gok \u00e9s a di\u00e1kok ig\u00e9nyeinek figyelembev\u00e9tel\u00e9vel lehet\u0151s\u00e9get biztos\u00edt arra, hogy a tanul\u00f3ink, int\u00e9zm\u00e9ny\u00fcnkben is teljes\u00edthess\u00e9k a k\u00f6z\u00f6ss\u00e9gi szolg\u00e1latra ford\u00edtott id\u0151keret egy r\u00e9sz\u00e9t, az al\u00e1bbi tev\u00e9kenys\u00e9gi form\u00e1kban:<\/p>\n<ul>\n<li>Tant\u00e1rgyi lemarad\u00e1s eset\u00e9n di\u00e1kt\u00e1rs korrepet\u00e1l\u00e1sa, ha:\n<ul>\n<li>szaktan\u00e1ri javaslatra alakulnak ki a tanul\u00f3p\u00e1rok;<\/li>\n<li>csak a seg\u00edt\u0151 di\u00e1knak \u2212 aki egy\u00e9bk\u00e9nt az adott tant\u00e1rgyb\u00f3l jeles eredm\u00e9nnyel rendelkezik \u2212 ismerhet\u0151 el a korrepet\u00e1l\u00f3 tev\u00e9kenys\u00e9g k\u00f6z\u00f6ss\u00e9gi szolg\u00e1latk\u00e9nt;<\/li>\n<li>az adott szaktan\u00e1r mentork\u00e9nt ir\u00e1ny\u00edtja \u00e9s fel\u00fcgyeli a folyamatot, m\u00e9ri eredm\u00e9nyess\u00e9g\u00e9t; optim\u00e1lis esetben a mentor mindk\u00e9t di\u00e1kot tan\u00edtja, de legal\u00e1bb j\u00f3l ismeri;<\/li>\n<li>a korrepet\u00e1l\u00e1sra ir\u00e1nyul\u00f3 szaktan\u00e1ri kezdem\u00e9nyez\u00e9st a programkoordin\u00e1tornak j\u00f3v\u00e1 kell hagynia;<\/li>\n<li>a r\u00e9szletek el\u0151zetes egyeztet\u00e9se sz\u00fcks\u00e9ges az iskolai koordin\u00e1torral;<\/li>\n<li>r\u00f6gz\u00edtett id\u0151pontban zajlik, tan\u00edt\u00e1si \u00f3r\u00e1n \u00e9s szilenciumi foglalkoz\u00e1son k\u00edv\u00fcl.<\/li>\n<\/ul>\n<\/li>\n<\/ul>\n<p><strong>\u00a0<\/strong><\/p>\n<ul>\n<li>Bizonyos v\u00f6r\u00f6skeresztes szervez\u0151i tev\u00e9kenys\u00e9g (pl. v\u00e9rad\u00e1s megszervez\u00e9s\u00e9ben, lebonyol\u00edt\u00e1s\u00e1ban val\u00f3 akt\u00edv seg\u00e9dkez\u00e9s) k\u00f6z\u00f6ss\u00e9gi szolg\u00e1lati tev\u00e9kenys\u00e9gk\u00e9nt t\u00f6rt\u00e9n\u0151 elismer\u00e9se.<\/li>\n<li>Int\u00e9zm\u00e9nyi, tanker\u00fcleti, megyei vagy orsz\u00e1gos rendezv\u00e9nyek (\u00fcnneps\u00e9gek, konferenci\u00e1k, versenyek) programjainak megszervez\u00e9s\u00e9ben \u00e9s lebonyol\u00edt\u00e1s\u00e1ban val\u00f3 seg\u00edts\u00e9gny\u00fajt\u00e1s.<\/li>\n<li>Sz\u0171kebb k\u00f6rnyezet\u00fcnk (iskola-, koll\u00e9gium\u00e9p\u00fclet, iskolaudvar, iskolapark, koll\u00e9giumudvar) rendez\u00e9se, takar\u00edt\u00e1sa, csinos\u00edt\u00e1sa.<\/li>\n<li>Tank\u00f6nyvoszt\u00e1sn\u00e1l felmer\u00fcl\u0151, k\u00f6z\u00f6ss\u00e9gi szolg\u00e1latk\u00e9nt v\u00e9gezhet\u0151 feladatok.<\/li>\n<li>Az iskolai k\u00f6z\u00f6ss\u00e9gi szolg\u00e1lat megszervez\u00e9s\u00e9n\u00e9l, adminisztr\u00e1ci\u00f3j\u00e1n\u00e1l jelentkez\u0151 feladatokban val\u00f3 r\u00e9szv\u00e9tel elismer\u00e9se.<\/li>\n<li>Int\u00e9zm\u00e9nyen k\u00edv\u00fcli kultur\u00e1lis vagy j\u00f3t\u00e9konys\u00e1gi rendezv\u00e9nyeken val\u00f3 r\u00e9szv\u00e9tel.<\/li>\n<li>Kort\u00e1rsoktat\u00f3i tev\u00e9kenys\u00e9g v\u00f6r\u00f6skeresztes \u00e9s b\u0171nmegel\u0151z\u00e9si t\u00e9m\u00e1kban.<\/li>\n<li>\u201eSzeretetszolg\u00e1lat\u201d megszervez\u00e9se, r\u00e1szorult emberek seg\u00edt\u00e9se.<\/li>\n<\/ul>\n<p>Valamennyi felsorolt tev\u00e9kenys\u00e9g k\u00f6z\u00f6ss\u00e9gi szolg\u00e1latk\u00e9nt val\u00f3 elismertet\u00e9s\u00e9nek felt\u00e9tele az, hogy a szervez\u0151 \/ kezdem\u00e9nyez\u0151 \/ patron\u00e1l\u00f3 \/ mentor\u00e1l\u00f3 tan\u00e1r a tev\u00e9kenys\u00e9get, annak id\u0151pontj\u00e1t, helysz\u00edn\u00e9t \u00e9s a jelentkez\u0151 di\u00e1kokat el\u0151zetesen bejelentse az iskolai koordin\u00e1tornak, majd a program megval\u00f3sul\u00e1sa ut\u00e1n \u00edr\u00e1sban leadja a programon val\u00f3j\u00e1ban is r\u00e9szt vev\u0151k n\u00e9vsor\u00e1t, a teljes\u00edtett \u00f3r\u00e1k sz\u00e1m\u00e1t. A tev\u00e9kenys\u00e9gek igazol\u00e1sa az iskolai koordin\u00e1tor joga \u00e9s feladata.<\/p>\n<ol start=\"5\">\n<li><strong>Egy\u00fcttm\u0171k\u00f6d\u0151 partnereinek<\/strong><\/li>\n<\/ol>\n<p>A kisv\u00e1rdai sz\u00e9khely\u0171 \u00e1llami, \u00f6nkorm\u00e1nyzati int\u00e9zm\u00e9nyekkel, a civil \u00e9s nonprofit szervezetekkel, az egyh\u00e1zakkal \u00e9s seg\u00edt\u0151 szolg\u00e1latokkal val\u00f3 egy\u00fcttm\u0171k\u00f6d\u00e9s sor\u00e1n t\u00f6reksz\u00fcnk a folyamatoss\u00e1gra, \u00e1m a szerz\u0151d\u00e9seket sz\u00fcks\u00e9g eset\u00e9n id\u0151r\u0151l id\u0151re \u00fajrak\u00f6tj\u00fck, hogy a tanul\u00f3knak a tev\u00e9kenys\u00e9gi k\u00f6r\u00f6k gazdag v\u00e1laszt\u00e9k\u00e1t ny\u00fajthassa iskol\u00e1nk.<\/p>\n<p>Egy\u00fcttm\u0171k\u00f6d\u0151 partnereink k\u00f6re azonban ett\u0151l sz\u00e9lesebb, folyamatosan b\u0151v\u00fcl\u0151, v\u00e1ltoz\u00f3, mert az egyes tanul\u00f3k egy\u00e9ni elk\u00e9pzel\u00e9seit \u00e9s ig\u00e9nyeit szem el\u0151tt tartva teret kapnak a di\u00e1kok lak\u00f3hely\u00e9n m\u0171k\u00f6d\u0151, egy\u00e9b szempontb\u00f3l a c\u00e9lnak megfelel\u0151 int\u00e9zm\u00e9nyek, szervezetek, egyes\u00fcletek is, vel\u00fck a szerz\u0151d\u00e9seket h\u00e1rom \u00e9vente fel\u00fclvizsg\u00e1ljuk \u00e9s \u00fajrak\u00f6tj\u00fck.<\/p>\n<p>Egy\u00fcttm\u0171k\u00f6d\u0151 partnereink list\u00e1ja:<\/p>\n<table width=\"1236\">\n<tbody>\n<tr>\n<td width=\"35\">\n<p><strong>Ssz<\/strong><\/p>\n<\/td>\n<td width=\"504\">\n<p><strong>Fogad\u00f3 szervezet<\/strong><\/p>\n<\/td>\n<td width=\"345\">\n<p><strong>El\u00e9rhet\u0151s\u00e9g<\/strong><\/p>\n<\/td>\n<td width=\"352\">\n<p><strong>Tev\u00e9kenys\u00e9g<\/strong><\/p>\n<\/td>\n<\/tr>\n<tr>\n<td width=\"35\">\n<p>1<\/p>\n<\/td>\n<td width=\"504\">\n<p>Ajak K\u00f6z\u00f6ss\u00e9gi T\u00e9r \u00e9s K\u00f6nyvt\u00e1r Nonprofit Kft.<\/p>\n<\/td>\n<td width=\"345\">\n<p>4524 Ajak, Hajnal \u00fat 20.<\/p>\n<\/td>\n<td width=\"352\">\n<p>k\u00f6z\u00f6ss\u00e9gi programok seg\u00edt\u00e9se<\/p>\n<\/td>\n<\/tr>\n<tr>\n<td width=\"35\">\n<p>2<\/p>\n<\/td>\n<td width=\"504\">\n<p>Ajaki Alapszolg\u00e1ltat\u00e1si K\u00f6zpont \u00e9s Konyha<\/p>\n<\/td>\n<td width=\"345\">\n<p>4524 Ajak, Kiss Ern\u0151 \u00fat 1.<\/p>\n<\/td>\n<td width=\"352\">\n<p>k\u00f6z\u00f6ss\u00e9gi, kultur\u00e1lis tev\u00e9kenys\u00e9gek, t\u00e1boroztat\u00e1s<\/p>\n<\/td>\n<\/tr>\n<tr>\n<td width=\"35\">\n<p>3<\/p>\n<\/td>\n<td width=\"504\">\n<p>Ajaki Tam\u00e1si \u00c1ron Katolikus \u00c1ltal\u00e1nos Iskola \u00e9s AMI, \u00d3voda \u00e9s B\u00f6lcs\u0151de<\/p>\n<\/td>\n<td width=\"345\">\n<p>4524 Ajak, Hajnal \u00fat 11.<\/p>\n<\/td>\n<td width=\"352\">\n<p>k\u00f6z\u00f6ss\u00e9gi, kultur\u00e1lis tev\u00e9kenys\u00e9gek<\/p>\n<\/td>\n<\/tr>\n<tr>\n<td width=\"35\">\n<p>4<\/p>\n<\/td>\n<td width=\"504\">\n<p>Ambrus Attila egy\u00e9ni v\u00e1llalkoz\u00f3-V\u00e1gta Lovastanya<\/p>\n<\/td>\n<td width=\"345\">\n<p>4542 Petneh\u00e1za<\/p>\n<\/td>\n<td width=\"352\">\n<p>kultur\u00e1lis, szoci\u00e1lis tev\u00e9kenys\u00e9gek<\/p>\n<\/td>\n<\/tr>\n<tr>\n<td width=\"35\">\n<p>5<\/p>\n<\/td>\n<td width=\"504\">\n<p>Aranyosap\u00e1ti K\u00f6z\u00f6s \u00d6nkorm\u00e1nyzati Hivatal<\/p>\n<\/td>\n<td width=\"345\">\n<p>4634 Aranyosap\u00e1ti, Pet\u0151fi utca 14.<\/p>\n<\/td>\n<td width=\"352\">\n<p>k\u00f6z\u00f6ss\u00e9gi programok seg\u00edt\u00e9se<\/p>\n<\/td>\n<\/tr>\n<tr>\n<td width=\"35\">\n<p>6<\/p>\n<\/td>\n<td width=\"504\">\n<p>Aranyosap\u00e1ti Napsug\u00e1r \u00d3voda \u00e9s B\u00f6lcs\u0151de<\/p>\n<\/td>\n<td width=\"345\">\n<p>4634 Aranyosap\u00e1ti, Pet\u0151fi utca 8.<\/p>\n<\/td>\n<td width=\"352\">\n<p>\u00f3vodai tev\u00e9kenys\u00e9gek seg\u00edt\u00e9se<\/p>\n<\/td>\n<\/tr>\n<tr>\n<td width=\"35\">\n<p>7<\/p>\n<\/td>\n<td width=\"504\">\n<p>\u00c1rk\u00e1dia F\u00e9nyeinek Spiritu\u00e1lis Egyh\u00e1za<\/p>\n<\/td>\n<td width=\"345\">\n<p>4600 Kisv\u00e1rda, Vir\u00e1gh Ferenc utca 58.<\/p>\n<\/td>\n<td width=\"352\">\n<p>irodai tev\u00e9kenys\u00e9gek<\/p>\n<\/td>\n<\/tr>\n<tr>\n<td width=\"35\">\n<p>8<\/p>\n<\/td>\n<td width=\"504\">\n<p>BAK-ELIT Med. Kft.<\/p>\n<\/td>\n<td width=\"345\">\n<p>4600 Kisv\u00e1rda, Sz\u00edv utca 24.<\/p>\n<\/td>\n<td width=\"352\">\n<p>eg\u00e9szs\u00e9gnevel\u00e9si projektekhez,<br \/>esem\u00e9nyekhez kapcsol\u00f3d\u00f3 tev\u00e9kenys\u00e9gek<\/p>\n<\/td>\n<\/tr>\n<tr>\n<td width=\"35\">\n<p>9<\/p>\n<\/td>\n<td width=\"504\">\n<p>Bal\u00e1zs J\u00f3zsef V\u00e1rosi K\u00f6nyvt\u00e1r \u00e9s M\u0171vel\u0151d\u00e9si K\u00f6zpont<\/p>\n<\/td>\n<td width=\"345\">\n<p>4800 V\u00e1s\u00e1rosnam\u00e9ny, Szabads\u00e1g t\u00e9r 5.<\/p>\n<\/td>\n<td width=\"352\">\n<p>szoci\u00e1lis, k\u00f6z\u00f6ss\u00e9gi, kultur\u00e1lis tev\u00e9kenys\u00e9gek<\/p>\n<\/td>\n<\/tr>\n<tr>\n<td width=\"35\">\n<p>10<\/p>\n<\/td>\n<td width=\"504\">\n<p>Barab\u00e1s K\u00f6zs\u00e9g \u00d6nkorm\u00e1nyzata<\/p>\n<\/td>\n<td width=\"345\">\n<p>4937 Barab\u00e1s, \u00c1rp\u00e1d \u00fat 7-9.<\/p>\n<\/td>\n<td width=\"352\">\n<p>kultur\u00e1lis tev\u00e9kenys\u00e9gek<\/p>\n<\/td>\n<\/tr>\n<tr>\n<td width=\"35\">\n<p>11<\/p>\n<\/td>\n<td width=\"504\">\n<p>BGSZC Sz\u00e9chenyi Istv\u00e1n Kereskedelmi Technikum<\/p>\n<\/td>\n<td width=\"345\">\n<p>1088 Budapest, Vas utca 9-11.<\/p>\n<\/td>\n<td width=\"352\">\n<p>oktat\u00e1si, kultur\u00e1lis tev\u00e9kenys\u00e9gek<\/p>\n<\/td>\n<\/tr>\n<tr>\n<td width=\"35\">\n<p>12<\/p>\n<\/td>\n<td width=\"504\">\n<p>Cig\u00e1ndi T\u00fcnd\u00e9rkert \u00d3voda \u00e9s B\u00f6lcs\u0151de<\/p>\n<\/td>\n<td width=\"345\">\n<p>3973 Cig\u00e1nd, Iskola utca 10.<\/p>\n<\/td>\n<td width=\"352\">\n<p>k\u00f6z\u00f6ss\u00e9gi, kultur\u00e1lis, szabadis\u0151s \u00e9s sporttev\u00e9kenys\u00e9gek<\/p>\n<\/td>\n<\/tr>\n<tr>\n<td width=\"35\">\n<p>13<\/p>\n<\/td>\n<td width=\"504\">\n<p>Csarodai Herman Ott\u00f3 \u00c1ltal\u00e1nos Iskola<\/p>\n<\/td>\n<td width=\"345\">\n<p>4844 Csaroda, Beregsz\u00e1szi utca 58.<\/p>\n<\/td>\n<td width=\"352\">\n<p>ny\u00e1ri t\u00e1bor szervez\u00e9si feladatai<\/p>\n<\/td>\n<\/tr>\n<tr>\n<td width=\"35\">\n<p>14<\/p>\n<\/td>\n<td width=\"504\">\n<p>Csarodai K\u00f6z\u00f6s \u00d3voda \u00e9s Minib\u00f6lcs\u0151de<\/p>\n<\/td>\n<td width=\"345\">\n<p>4844 Csaroda, Beregsz\u00e1szi utca 31.<\/p>\n<\/td>\n<td width=\"352\">\n<p>k\u00f6z\u00f6ss\u00e9gi programok seg\u00edt\u00e9se, \u00f3vodai k\u00f6rnyezet sz\u00e9p\u00edt\u00e9se<\/p>\n<\/td>\n<\/tr>\n<tr>\n<td width=\"35\">\n<p>15<\/p>\n<\/td>\n<td width=\"504\">\n<p>Daviedent Bt.<\/p>\n<\/td>\n<td width=\"345\">\n<p>4555, Levelek, Ifj\u00fas\u00e1g \u00fat 6.<\/p>\n<\/td>\n<td width=\"352\">\n<p>adminisztr\u00e1ci\u00f3s munka, asszisztensi feladatok seg\u00edt\u00e9se<\/p>\n<\/td>\n<\/tr>\n<tr>\n<td width=\"35\">\n<p>16<\/p>\n<\/td>\n<td width=\"504\">\n<p>Demecser V\u00e1ros \u00d6nkorm\u00e1nyzata<\/p>\n<\/td>\n<td width=\"345\">\n<p>4516 Demecser, K\u00e9tezer-egy t\u00e9r 1.<\/p>\n<\/td>\n<td width=\"352\">\n<p>kultur\u00e1lis tev\u00e9kenys\u00e9gek<\/p>\n<\/td>\n<\/tr>\n<tr>\n<td width=\"35\">\n<p>17<\/p>\n<\/td>\n<td width=\"504\">\n<p>Eperjeskei K\u00f6z\u00f6s \u00d6nkorm\u00e1nyzati Hivatal<\/p>\n<\/td>\n<td width=\"345\">\n<p>4646 Eperjeske, Szabads\u00e1g t\u00e9r 1.<\/p>\n<\/td>\n<td width=\"352\">\n<p>kultur\u00e1lis tev\u00e9kenys\u00e9gek<\/p>\n<\/td>\n<\/tr>\n<tr>\n<td width=\"35\">\n<p>18<\/p>\n<\/td>\n<td width=\"504\">\n<p>Fekete Tam\u00e1s egy\u00e9ni v\u00e1llalkoz\u00f3<\/p>\n<\/td>\n<td width=\"345\">\n<p>4631 Pap, 68\/12. hrsz.<br \/>4600 Kisv\u00e1rda, Darusziget utca 27.<\/p>\n<\/td>\n<td width=\"352\">\n<p>\u00e1llatok gondoz\u00e1s\u00e1val kapcsolatos tev\u00e9kenys\u00e9gek<\/p>\n<\/td>\n<\/tr>\n<tr>\n<td width=\"35\">\n<p>19<\/p>\n<\/td>\n<td width=\"504\">\n<p>F\u00e9nyeslitkei Kossuth Lajos \u00c1ltal\u00e1nos Iskola<\/p>\n<\/td>\n<td width=\"345\">\n<p>4621 F\u00e9nyeslitke, Iskola utca 1.<\/p>\n<\/td>\n<td width=\"352\">\n<p>kultur\u00e1lis, oktat\u00e1si tev\u00e9kenys\u00e9gek<\/p>\n<\/td>\n<\/tr>\n<tr>\n<td width=\"35\">\n<p>20<\/p>\n<\/td>\n<td width=\"504\">\n<p>F\u00e9nyeslitkei Kossuth Lajos \u00c1ltal\u00e1nos Iskola Pet\u0151fi S\u00e1ndor Tagiskol\u00e1ja<\/p>\n<\/td>\n<td width=\"345\">\n<p>4622 Komor\u00f3, Pet\u0151fi utca 18.<\/p>\n<\/td>\n<td width=\"352\">\n<p>iskolai adminisztr\u00e1ci\u00f3t, el\u0151rehalad\u00e1st seg\u00edt\u0151 tev\u00e9kenys\u00e9gek<\/p>\n<\/td>\n<\/tr>\n<tr>\n<td width=\"35\">\n<p>21<\/p>\n<\/td>\n<td width=\"504\">\n<p>Gesztus K\u00f6zhaszn\u00fa Egyes\u00fclet<\/p>\n<\/td>\n<td width=\"345\">\n<p>4625 Z\u00e1hony, Sz\u00e9chenyi \u00fat 16.<\/p>\n<\/td>\n<td width=\"352\">\n<p>k\u00f6z\u00f6ss\u00e9gi, kultur\u00e1lis tev\u00e9kenys\u00e9gek<\/p>\n<\/td>\n<\/tr>\n<tr>\n<td width=\"35\">\n<p>22<\/p>\n<\/td>\n<td width=\"504\">\n<p>Gyulah\u00e1zai \u00c9letfa \u00d3voda<\/p>\n<\/td>\n<td width=\"345\">\n<p>4545 Gyulah\u00e1za, Pet\u0151fi S\u00e1ndor utca 43.<\/p>\n<\/td>\n<td width=\"352\">\n<p>k\u00f6z\u00f6ss\u00e9gi, kultur\u00e1lis, szabadis\u0151s \u00e9s sporttev\u00e9kenys\u00e9gek<\/p>\n<\/td>\n<\/tr>\n<tr>\n<td width=\"35\">\n<p>23<\/p>\n<\/td>\n<td width=\"504\">\n<p>Id\u0151sek \u00c1pol\u00f3 Gondoz\u00f3 Otthona<\/p>\n<\/td>\n<td width=\"345\">\n<p>4545 Gyulah\u00e1za, Pet\u0151fi S\u00e1ndor utca 53.<\/p>\n<\/td>\n<td width=\"352\">\n<p>k\u00f6z\u00f6ss\u00e9gi tev\u00e9keny\u00e9gekben val\u00f3 seg\u00edts\u00e9gny\u00fajt\u00e1s<\/p>\n<\/td>\n<\/tr>\n<tr>\n<td width=\"35\">\n<p>24<\/p>\n<\/td>\n<td width=\"504\">\n<p>J\u00e9ke K\u00f6zs\u00e9g \u00d6nkorm\u00e1nyzata<\/p>\n<\/td>\n<td width=\"345\">\n<p>4611 J\u00e9ke, D\u00f3zsa Gy\u00f6rgy \u00fat 15.<\/p>\n<\/td>\n<td width=\"352\">\n<p>k\u00f6z\u00f6ss\u00e9gszervez\u0151i tev\u00e9kenys\u00e9g<\/p>\n<\/td>\n<\/tr>\n<tr>\n<td width=\"35\">\n<p>25<\/p>\n<\/td>\n<td width=\"504\">\n<p>K\u00e9k K\u00f6zs\u00e9g \u00d6nkorm\u00e1nyzata<\/p>\n<\/td>\n<td width=\"345\">\n<p>4515 K\u00e9k, K\u00f6lcsey utca 9.<\/p>\n<\/td>\n<td width=\"352\">\n<p>projektfeladatok, kultur\u00e1lis tev\u00e9kenys\u00e9gek<\/p>\n<\/td>\n<\/tr>\n<tr>\n<td width=\"35\">\n<p>26<\/p>\n<\/td>\n<td width=\"504\">\n<p>K\u00e9kcse K\u00f6zs\u00e9g \u00d6nkorm\u00e1nyzata<\/p>\n<\/td>\n<td width=\"345\">\n<p>4494 K\u00e9kcse, F\u0151 utca 116-118.<\/p>\n<\/td>\n<td width=\"352\">\n<p>kultur\u00e1lis tev\u00e9kenys\u00e9gek<\/p>\n<\/td>\n<\/tr>\n<tr>\n<td width=\"35\">\n<p>27<\/p>\n<\/td>\n<td width=\"504\">\n<p>K\u00e9kcsei Arany J\u00e1nos \u00c1ltal\u00e1nos Iskola<\/p>\n<\/td>\n<td width=\"345\">\n<p>4494 K\u00e9kcse, f\u0151 utca 87.<\/p>\n<\/td>\n<td width=\"352\">\n<p>kultur\u00e1lis tev\u00e9kenys\u00e9gek<\/p>\n<\/td>\n<\/tr>\n<tr>\n<td width=\"35\">\n<p>28<\/p>\n<\/td>\n<td width=\"504\">\n<p>Kisv\u00e1rda \u00e9s K\u00f6rny\u00e9ke Bring\u00e1sok KSE<\/p>\n<\/td>\n<td width=\"345\">\n<p>4600 Kisv\u00e1rda, Toldi utca 10<\/p>\n<\/td>\n<td width=\"352\">\n<p>k\u00f6z\u00f6ss\u00e9gi, kultur\u00e1lis tev\u00e9kenys\u00e9gek<\/p>\n<\/td>\n<\/tr>\n<tr>\n<td width=\"35\">\n<p>29<\/p>\n<\/td>\n<td width=\"504\">\n<p>Kisv\u00e1rdai Csal\u00e1d-\u00e9s Gyermekj\u00f3l\u00e9ti K\u00f6zpont<\/p>\n<\/td>\n<td width=\"345\">\n<p>4600 Kisv\u00e1rda, Bocskai utca 33\/D<\/p>\n<\/td>\n<td width=\"352\">\n<p>szoci\u00e1lis tev\u00e9kenys\u00e9gek<\/p>\n<\/td>\n<\/tr>\n<tr>\n<td width=\"35\">\n<p>30<\/p>\n<\/td>\n<td width=\"504\">\n<p>Kisv\u00e1rdai Reform\u00e1tus Egyh\u00e1zk\u00f6zs\u00e9g<\/p>\n<\/td>\n<td width=\"345\">\n<p>4600 Kisv\u00e1rda, Fl\u00f3ri\u00e1n t\u00e9r 17.<\/p>\n<\/td>\n<td width=\"352\">\n<p>szabadid\u0151s tev\u00e9kenys\u00e9gek seg\u00edt\u00e9se, int\u00e9zm\u00e9nyi k\u00f6rnyezet rendez\u00e9se<\/p>\n<\/td>\n<\/tr>\n<tr>\n<td width=\"35\">\n<p>31<\/p>\n<\/td>\n<td width=\"504\">\n<p>Kult\u00fara H\u00e1za \u00e9s K\u00f6nyvt\u00e1r Ajak Nonprofit Kft.<\/p>\n<\/td>\n<td width=\"345\">\n<p>4524 Ajak, Hajnal \u00fat 20.<\/p>\n<\/td>\n<td width=\"352\">\n<p>kultur\u00e1lis tev\u00e9kenys\u00e9gek<\/p>\n<\/td>\n<\/tr>\n<tr>\n<td width=\"35\">\n<p>32<\/p>\n<\/td>\n<td width=\"504\">\n<p>L.M.A. Fitness Sportegyes\u00fclet<\/p>\n<\/td>\n<td width=\"345\">\n<p>4600 Kisv\u00e1rda, V\u00e1rday Istv\u00e1n utca 25.<\/p>\n<\/td>\n<td width=\"352\">\n<p>eg\u00e9szs\u00e9ges \u00e9letm\u00f3ddal kapcsolatos tev\u00e9kenys\u00e9gek<\/p>\n<\/td>\n<\/tr>\n<tr>\n<td width=\"35\">\n<p>33<\/p>\n<\/td>\n<td width=\"504\">\n<p>Laskodi Polg\u00e1r\u0151r Egyes\u00fclet<\/p>\n<\/td>\n<td width=\"345\">\n<p>4543 Laskod, Kossuth \u00fat 51.<\/p>\n<\/td>\n<td width=\"352\">\n<p>kultur\u00e1lis tev\u00e9kenys\u00e9gek<\/p>\n<\/td>\n<\/tr>\n<tr>\n<td width=\"35\">\n<p>34<\/p>\n<\/td>\n<td width=\"504\">\n<p>L\u00f3nyai Tiszat\u00e1j Vad\u00e1szt\u00e1rsas\u00e1g<\/p>\n<\/td>\n<td width=\"345\">\n<p>4836 L\u00f3nya, Pet\u0151fi S\u00e1ndor \u00fat 9.<\/p>\n<\/td>\n<td width=\"352\">\n<p>t\u00f6rv\u00e9nyi keretek engedte tev\u00e9kenys\u00e9gek<\/p>\n<\/td>\n<\/tr>\n<tr>\n<td width=\"35\">\n<p>35<\/p>\n<\/td>\n<td width=\"504\">\n<p>L\u00f6v\u0151petri K\u00f6zs\u00e9g \u00d6nkorm\u00e1nyzata<\/p>\n<\/td>\n<td width=\"345\">\n<p>4633 L\u00f6v\u0151petri, Pet\u0151fi S\u00e1ndor utca 36.<\/p>\n<\/td>\n<td width=\"352\">\n<p>kultur\u00e1lis tev\u00e9kenys\u00e9gek<\/p>\n<\/td>\n<\/tr>\n<tr>\n<td width=\"35\">\n<p>36<\/p>\n<\/td>\n<td width=\"504\">\n<p>Magyar Reform\u00e1tus Szeretetszolg\u00e1lat Alap\u00edtv\u00e1ny<\/p>\n<\/td>\n<td width=\"345\">\n<p>1045 Budapest, Istv\u00e1ntelki \u00fat 8.<\/p>\n<\/td>\n<td width=\"352\">\n<p>k\u00f6z\u00f6ss\u00e9gi, kultur\u00e1lis tev\u00e9kenys\u00e9gek<\/p>\n<\/td>\n<\/tr>\n<tr>\n<td width=\"35\">\n<p>37<\/p>\n<\/td>\n<td width=\"504\">\n<p>Nagydobos K\u00f6zs\u00e9g \u00d6nkorm\u00e1nyzata<\/p>\n<\/td>\n<td width=\"345\">\n<p>4823 Nagydobos, F\u0151 \u00fat 129.<\/p>\n<\/td>\n<td width=\"352\">\n<p>k\u00f6z\u00f6ss\u00e9gi programok seg\u00edt\u00e9se<\/p>\n<\/td>\n<\/tr>\n<tr>\n<td width=\"35\">\n<p>38<\/p>\n<\/td>\n<td width=\"504\">\n<p>Nagyvars\u00e1ny K\u00f6zs\u00e9g \u00d6nkorm\u00e1nyzata<\/p>\n<\/td>\n<td width=\"345\">\n<p>4812 Nagyvars\u00e1ny<\/p>\n<\/td>\n<td width=\"352\">\n<p>kultur\u00e1lis tev\u00e9kenys\u00e9gek<\/p>\n<\/td>\n<\/tr>\n<tr>\n<td width=\"35\">\n<p>39<\/p>\n<\/td>\n<td width=\"504\">\n<p>Ny\u00edrb\u00e1tori Kyokushin Karate SE<\/p>\n<\/td>\n<td width=\"345\">\n<p>4300 Ny\u00edrb\u00e1tor, \u00c9desany\u00e1k \u00fatja 7.<\/p>\n<\/td>\n<td width=\"352\">\n<p>t\u00e1bor, fel\u00fcgyelet tev\u00e9kenys\u00e9gei<\/p>\n<\/td>\n<\/tr>\n<tr>\n<td width=\"35\">\n<p>40<\/p>\n<\/td>\n<td width=\"504\">\n<p>Ny\u00edrkar\u00e1sz K\u00f6zs\u00e9gi \u00d6nkorm\u00e1nyzat<\/p>\n<\/td>\n<td width=\"345\">\n<p>4544 Ny\u00edrkar\u00e1sz, F\u0151 \u00fat 21.<\/p>\n<\/td>\n<td width=\"352\">\n<p>szabaidid\u0151s programok, gondoz\u00f3i munka seg\u00edt\u00e9se, int\u00e9zm\u00e9nyi k\u00f6rnyezet rendez\u00e9se<\/p>\n<\/td>\n<\/tr>\n<tr>\n<td width=\"35\">\n<p>41<\/p>\n<\/td>\n<td width=\"504\">\n<p>Ny\u00edrl\u00f6v\u0151i G\u00f6r\u00f6gkatolikus Par\u00f3kia<\/p>\n<\/td>\n<td width=\"345\">\n<p>4632 Ny\u00edrl\u00f6v\u0151, Kossuth Lajos utca 16.<\/p>\n<\/td>\n<td width=\"352\">\n<p>szoci\u00e1lis tev\u00e9kenys\u00e9gek<\/p>\n<\/td>\n<\/tr>\n<tr>\n<td width=\"35\">\n<p>42<\/p>\n<\/td>\n<td width=\"504\">\n<p>Ny\u00edrl\u00f6v\u0151i \u00d3voda, B\u00f6lcs\u0151de \u00e9s Konyha<\/p>\n<\/td>\n<td width=\"345\">\n<p>4632 Ny\u00edrl\u00f6v\u0151, Kossuth Lajos utca 1.<\/p>\n<\/td>\n<td width=\"352\">\n<p>\u00f3vodai tev\u00e9kenys\u00e9gek seg\u00edt\u00e9se<\/p>\n<\/td>\n<\/tr>\n<tr>\n<td width=\"35\">\n<p>43<\/p>\n<\/td>\n<td width=\"504\">\n<p>Ny\u00edrmadai Napsug\u00e1r \u00d3voda<\/p>\n<\/td>\n<td width=\"345\">\n<p>4564 Ny\u00edrmada, Sug\u00e1r \u00fat 1.<\/p>\n<\/td>\n<td width=\"352\">\n<p>int\u00e9zm\u00e9nyi k\u00f6rnyezet rendez\u00e9se, kultur\u00e1lis \u00e9s k\u00f6z\u00f6ss\u00e9gi tev\u00e9kenys\u00e9gek<\/p>\n<\/td>\n<\/tr>\n<tr>\n<td width=\"35\">\n<p>44<\/p>\n<\/td>\n<td width=\"504\">\n<p>Ny\u00edrmadai Reform\u00e1tus Egyh\u00e1zk\u00f6zs\u00e9g<\/p>\n<\/td>\n<td width=\"345\">\n<p>4564 Ny\u00edrmada, K\u00e1lvin t\u00e9r 19.<\/p>\n<\/td>\n<td width=\"352\">\n<p>k\u00f6z\u00f6ss\u00e9gi, ifj\u00fas\u00e1gi munka seg\u00edt\u00e9se<\/p>\n<\/td>\n<\/tr>\n<tr>\n<td width=\"35\">\n<p>45<\/p>\n<\/td>\n<td width=\"504\">\n<p>Ny\u00edrtassi Tas Vez\u00e9r \u00c1ltal\u00e1nos Iskola<\/p>\n<\/td>\n<td width=\"345\">\n<p>4522 Ny\u00edrtass, \u00c1rp\u00e1d \u00fat 44.<\/p>\n<\/td>\n<td width=\"352\">\n<p>kultur\u00e1lis, oktat\u00e1si tev\u00e9kenys\u00e9gek<\/p>\n<\/td>\n<\/tr>\n<tr>\n<td width=\"35\">\n<p>46<\/p>\n<\/td>\n<td width=\"504\">\n<p>\u00d3feh\u00e9rt\u0151 K\u00f6zs\u00e9g \u00d6nkorm\u00e1nyzat<\/p>\n<\/td>\n<td width=\"345\">\n<p>4558, \u00d3feh\u00e9rt\u00f3, Alkotm\u00e1ny \u00fat 54.<\/p>\n<\/td>\n<td width=\"352\">\n<p>kultur\u00e1lis tev\u00e9kenys\u00e9gek<\/p>\n<\/td>\n<\/tr>\n<tr>\n<td width=\"35\">\n<p>47<\/p>\n<\/td>\n<td width=\"504\">\n<p>P\u00e1cini G\u00f6r\u00f6gkatolikus Par\u00f3kia<\/p>\n<\/td>\n<td width=\"345\">\n<p>3964, P\u00e1cin, Nagy \u00fat 5.<\/p>\n<\/td>\n<td width=\"352\">\n<p>t\u00e1boroztat\u00e1sban val\u00f3 r\u00e9szv\u00e9tel<\/p>\n<\/td>\n<\/tr>\n<tr>\n<td width=\"35\">\n<p>48<\/p>\n<\/td>\n<td width=\"504\">\n<p>Pap K\u00f6zs\u00e9g Fejl\u0151d\u00e9s\u00e9\u00e9rt Egyes\u00fclet<\/p>\n<\/td>\n<td width=\"345\">\n<p>4631 Pap, Kossuth \u00fat 108.<\/p>\n<\/td>\n<td width=\"352\">\n<p>kultur\u00e1lis tev\u00e9kenys\u00e9gek<\/p>\n<\/td>\n<\/tr>\n<tr>\n<td width=\"35\">\n<p>49<\/p>\n<\/td>\n<td width=\"504\">\n<p>Pap K\u00f6zs\u00e9g \u00d6nkorm\u00e1nyzata<\/p>\n<\/td>\n<td width=\"345\">\n<p>4631 Pap, Kossuth \u00fat 102.<\/p>\n<\/td>\n<td width=\"352\">\n<p>kultur\u00e1lis tev\u00e9kenys\u00e9gek<\/p>\n<\/td>\n<\/tr>\n<tr>\n<td width=\"35\">\n<p>50<\/p>\n<\/td>\n<td width=\"504\">\n<p>Pap Sportegyes\u00fclet<\/p>\n<\/td>\n<td width=\"345\">\n<p>4631 Pap, Kossuth \u00fat 102.<\/p>\n<\/td>\n<td width=\"352\">\n<p>kultur\u00e1lis \u00e9s sporttev\u00e9kenys\u00e9gek<\/p>\n<\/td>\n<\/tr>\n<tr>\n<td width=\"35\">\n<p>51<\/p>\n<\/td>\n<td width=\"504\">\n<p>Papi J\u00f3t\u00e9kony N\u0151egylet<\/p>\n<\/td>\n<td width=\"345\">\n<p>4631, Pap, Szabolcsb\u00e1kai \u00fat 37.<\/p>\n<\/td>\n<td width=\"352\">\n<p>k\u00f6z\u00f6ss\u00e9gi, kultur\u00e1lis feladatok<\/p>\n<\/td>\n<\/tr>\n<tr>\n<td width=\"35\">\n<p>52<\/p>\n<\/td>\n<td width=\"504\">\n<p>Petneh\u00e1za K\u00f6zs\u00e9g \u00d6nkorm\u00e1nyzata<\/p>\n<\/td>\n<td width=\"345\">\n<p>4542 Petneh\u00e1za, Magyar utca 2.<\/p>\n<\/td>\n<td width=\"352\">\n<p>kultur\u00e1lis tev\u00e9kenys\u00e9gek<\/p>\n<\/td>\n<\/tr>\n<tr>\n<td width=\"35\">\n<p>53<\/p>\n<\/td>\n<td width=\"504\">\n<p>Pet\u0151fi S\u00e1ndor M\u0171vel\u0151d\u00e9si H\u00e1z \u00e9s K\u00f6nyvt\u00e1r, M\u00e1ndok<\/p>\n<\/td>\n<td width=\"345\">\n<p>4644 M\u00e1ndok, Pet\u0151fi utca 14\/A<\/p>\n<\/td>\n<td width=\"352\">\n<p>programok , hagyom\u00e1ny\u0151rz\u0151<br \/>tev\u00e9kenys\u00e9gek el\u0151k\u00e9sz\u00edt\u00e9se, k\u00f6nyvt\u00e1ri<\/p>\n<\/td>\n<\/tr>\n<tr>\n<td width=\"35\">\n<p>54<\/p>\n<\/td>\n<td width=\"504\">\n<p>R\u00e9tk\u00f6zberencs K\u00f6zs\u00e9g \u00d6nkorm\u00e1nyzata<\/p>\n<\/td>\n<td width=\"345\">\n<p>4525 R\u00e9tk\u00f6zberencs, F\u0151 \u00fat 33<\/p>\n<\/td>\n<td width=\"352\">\n<p>eg\u00e9szs\u00e9g\u00fcgyi, szoci\u00e1lis, kultur\u00e1lis<\/p>\n<\/td>\n<\/tr>\n<tr>\n<td width=\"35\">\n<p>55<\/p>\n<\/td>\n<td width=\"504\">\n<p>R\u00e9tk\u00f6zberencsi Reform\u00e1tus Egyh\u00e1zk\u00f6zs\u00e9g<\/p>\n<\/td>\n<td width=\"345\">\n<p>4525 R\u00e9zk\u00f6zberencs, F\u0151 \u00fat 16.<\/p>\n<\/td>\n<td width=\"352\">\n<p>t\u00e1boroztat\u00e1sban, szervez\u0151i tev\u00e9kenys\u00e9gben val\u00f3 r\u00e9szv\u00e9tel<\/p>\n<\/td>\n<\/tr>\n<tr>\n<td width=\"35\">\n<p>56<\/p>\n<\/td>\n<td width=\"504\">\n<p>R\u00e9tk\u00f6zi Hobbi Bring\u00e1sok Sportegyes\u00fclet<\/p>\n<\/td>\n<td width=\"345\">\n<p>4600 Kisv\u00e1rda, Aradi v\u00e9rtan\u00fak tere 6.<\/p>\n<\/td>\n<td width=\"352\">\n<p>t\u00far\u00e1k szervez\u00e9s\u00e9vel kapcsolatos tev\u00e9kenys\u00e9gek<\/p>\n<\/td>\n<\/tr>\n<tr>\n<td width=\"35\">\n<p>57<\/p>\n<\/td>\n<td width=\"504\">\n<p>R\u00e9tk\u00f6zi \u00dasz\u00f3 \u00e9s Szabadid\u0151s Egyes\u00fclet<\/p>\n<\/td>\n<td width=\"345\">\n<p>4600 Kisv\u00e1rda, Dombk\u00f6z utca 5\/1.<\/p>\n<\/td>\n<td width=\"352\">\n<p>t\u00e1boroztat\u00e1sban val\u00f3 r\u00e9szv\u00e9tel<\/p>\n<\/td>\n<\/tr>\n<tr>\n<td width=\"35\">\n<p>58<\/p>\n<\/td>\n<td width=\"504\">\n<p>Ricsei II. R\u00e1k\u00f3czi Ferenc \u00d3voda, Mini B\u00f6lcs\u0151de \u00e9s Konyha<\/p>\n<\/td>\n<td width=\"345\">\n<p>3974 Ricse, Kossuth Lajos utca 3.<\/p>\n<\/td>\n<td width=\"352\">\n<p>kultur\u00e1lis tev\u00e9kenys\u00e9gek<\/p>\n<\/td>\n<\/tr>\n<tr>\n<td width=\"35\">\n<p>59<\/p>\n<\/td>\n<td width=\"504\">\n<p>Rohod K\u00f6zs\u00e9g \u00d6nkorm\u00e1nyzata<\/p>\n<\/td>\n<td width=\"345\">\n<p>4563 Rohod, Kossuth Lajos utca 14.<\/p>\n<\/td>\n<td width=\"352\">\n<p>k\u00f6nyvt\u00e1ri feladatok, k\u00f6z\u00f6ss\u00e9gi, kultur\u00e1lis tev\u00e9kenys\u00e9gek<\/p>\n<\/td>\n<\/tr>\n<tr>\n<td width=\"35\">\n<p>60<\/p>\n<\/td>\n<td width=\"504\">\n<p>R\u00f3mai Katolikus Egyh\u00e1zk\u00f6zs\u00e9g<\/p>\n<\/td>\n<td width=\"345\">\n<p>4516 Demecser, Hunyadi \u00fat 2.<\/p>\n<\/td>\n<td width=\"352\">\n<p>seg\u00edt\u0151 tev\u00e9kenys\u00e9gek<\/p>\n<\/td>\n<\/tr>\n<tr>\n<td width=\"35\">\n<p>61<\/p>\n<\/td>\n<td width=\"504\">\n<p>R\u00f3mai Katolikus Egyh\u00e1zk\u00f6zs\u00e9g<\/p>\n<\/td>\n<td width=\"345\">\n<p>4600 Kisv\u00e1rda, Fl\u00f3ri\u00e1n t\u00e9r 16\/A<\/p>\n<\/td>\n<td width=\"352\">\n<p>k\u00f6z\u00f6ss\u00e9gi, kultur\u00e1lis, szabadis\u0151s \u00e9s sporttev\u00e9kenys\u00e9gek<\/p>\n<\/td>\n<\/tr>\n<tr>\n<td width=\"35\">\n<p>62<\/p>\n<\/td>\n<td width=\"504\">\n<p>Szabolcs-Szatm\u00e1r-Bereg V\u00e1rmegyei Pedag\u00f3giai Szakszolg\u00e1lat V\u00e1s\u00e1rosnam\u00e9nyi Tagint\u00e9zm\u00e9nye<\/p>\n<\/td>\n<td width=\"345\">\n<p>4800 V\u00e1s\u00e1rosnam\u00e9ny, R\u00e1k\u00f3czi \u00fat 32..<\/p>\n<\/td>\n<td width=\"352\">\n<p>k\u00f6z\u00f6ss\u00e9gi, kultur\u00e1lis tev\u00e9kenys\u00e9gek<\/p>\n<\/td>\n<\/tr>\n<tr>\n<td width=\"35\">\n<p>63<\/p>\n<\/td>\n<td width=\"504\">\n<p>Szent Damj\u00e1n G\u00f6r\u00f6gkatolikus K\u00f3rh\u00e1z<\/p>\n<\/td>\n<td width=\"345\">\n<p>4600 Kisv\u00e1rda, \u00c1rp\u00e1d \u00fat 26.<\/p>\n<\/td>\n<td width=\"352\">\n<p>szabadid\u0151s, feljleszt\u0151 programok seg\u00edt\u0151 tev\u00e9kenys\u00e9ge<\/p>\n<\/td>\n<\/tr>\n<tr>\n<td width=\"35\">\n<p>64<\/p>\n<\/td>\n<td width=\"504\">\n<p>Szent L\u00e1szl\u00f3 Katolikus Gimn\u00e1zium, Technikum, K\u00e9t Tan\u00edt\u00e1si Nyelv\u0171 \u00c1ltal\u00e1nos Iskola, Koll\u00e9gium, \u00d3voda \u00e9s B\u00f6lcs\u0151de<\/p>\n<\/td>\n<td width=\"345\">\n<p>4600 Kisv\u00e1rda, Fl\u00f3ri\u00e1n t\u00e9r 3.<\/p>\n<\/td>\n<td width=\"352\">\n<p>kultur\u00e1lis, oktat\u00e1si tev\u00e9kenys\u00e9gek<\/p>\n<\/td>\n<\/tr>\n<tr>\n<td width=\"35\">\n<p>65<\/p>\n<\/td>\n<td width=\"504\">\n<p>Szent Mikl\u00f3s Integr\u00e1lt Szolg\u00e1ltat\u00f3 K\u00f6zpont<\/p>\n<\/td>\n<td width=\"345\">\n<p>4600 Kisv\u00e1rda, Tompos \u00fati ltp. 1\/B<\/p>\n<\/td>\n<td width=\"352\">\n<p>szoci\u00e1lis tev\u00e9kenys\u00e9gek<\/p>\n<\/td>\n<\/tr>\n<tr>\n<td width=\"35\">\n<p>66<\/p>\n<\/td>\n<td width=\"504\">\n<p>Tiszaszentm\u00e1rtoni Reform\u00e1tus Egyh\u00e1zk\u00f6zs\u00e9g<\/p>\n<\/td>\n<td width=\"345\">\n<p>4628 Tiszaszentm\u00e1rton, R\u00e1k\u00f3czi utca 3.<\/p>\n<\/td>\n<td width=\"352\">\n<p>szabadid\u0151s programok seg\u00edt\u00e9se, \u00e9tkeztet\u00e9s lebonyol\u00edt\u00e1s\u00e1nak seg\u00edt\u00e9se<\/p>\n<\/td>\n<\/tr>\n<tr>\n<td width=\"35\">\n<p>67<\/p>\n<\/td>\n<td width=\"504\">\n<p>Tornyosp\u00e1lcai Mesekert \u00d3voda \u00e9s Konyha<\/p>\n<\/td>\n<td width=\"345\">\n<p>4642 Tornyosp\u00e1lca, Ady k\u00f6z 1.<\/p>\n<\/td>\n<td width=\"352\">\n<p>k\u00f6z\u00f6ss\u00e9gi feladatok<\/p>\n<\/td>\n<\/tr>\n<tr>\n<td width=\"35\">\n<p>68<\/p>\n<\/td>\n<td width=\"504\">\n<p>Tour App Info Kft. (Retteg\u00e9sek \u00e9jszak\u00e1ja)<\/p>\n<\/td>\n<td width=\"345\">\n<p>4400 Ny\u00edregyh\u00e1za, S\u00f3st\u00f3i \u00fat 70. A. \u00e9p.,<\/p>\n<\/td>\n<td width=\"352\">\n<p>kultur\u00e1lis \u00e9s k\u00f6z\u00f6ss\u00e9gszervez\u0151i tev\u00e9kenys\u00e9g<\/p>\n<\/td>\n<\/tr>\n<tr>\n<td width=\"35\">\n<p>69<\/p>\n<\/td>\n<td width=\"504\">\n<p>Tuzs\u00e9r NagyK\u00f6zs\u00e9gi \u00d6nkorm\u00e1nyzat<\/p>\n<\/td>\n<td width=\"345\">\n<p>4623 Tuzs\u00e9r, Kossuth utca 70.<\/p>\n<\/td>\n<td width=\"352\">\n<p>k\u00f6z\u00f6ss\u00e9gi, kultur\u00e1lis tev\u00e9kenys\u00e9gek<\/p>\n<\/td>\n<\/tr>\n<tr>\n<td width=\"35\">\n<p>70<\/p>\n<\/td>\n<td width=\"504\">\n<p>Tuzs\u00e9ri Reform\u00e1tus Egyh\u00e1zk\u00f6zs\u00e9g<\/p>\n<\/td>\n<td width=\"345\">\n<p>4623 Tuzs\u00e9r, Kossuth utca 147.<\/p>\n<\/td>\n<td width=\"352\">\n<p>egyh\u00e1zk\u00f6zs\u00e9g \u00e9let\u00e9ben felmer\u00fcl\u0151 tev\u00e9kenys\u00e9gek<\/p>\n<\/td>\n<\/tr>\n<tr>\n<td width=\"35\">\n<p>71<\/p>\n<\/td>\n<td width=\"504\">\n<p>Wesley J\u00e1nos \u00d3voda, \u00c1ltal\u00e1nos Iskola \u00e9s K\u00f6z\u00e9piskola<\/p>\n<\/td>\n<td width=\"345\">\n<p>4813, Gy\u00fcre, \u00c1rp\u00e1d \u00fat 33.<\/p>\n<\/td>\n<td width=\"352\">\n<p>kultur\u00e1lis tev\u00e9kenys\u00e9gek<\/p>\n<\/td>\n<\/tr>\n<tr>\n<td width=\"35\">\n<p>72<\/p>\n<\/td>\n<td width=\"504\">\n<p>Zachor Alap\u00edtv\u00e1ny<\/p>\n<\/td>\n<td width=\"345\">\n<p>1137 Budapest<\/p>\n<\/td>\n<td width=\"352\">\n<p>\u00a0<\/p>\n<\/td>\n<\/tr>\n<tr>\n<td width=\"35\">\n<p>73<\/p>\n<\/td>\n<td width=\"504\">\n<p>Z\u00e1hony V\u00e1rosi Szabadid\u0151 K\u00f6zpont Nonprofit Kft.<\/p>\n<\/td>\n<td width=\"345\">\n<p>4625 Z\u00e1hony, J\u00f3zsef Attila utca 36.<\/p>\n<\/td>\n<td width=\"352\">\n<p>kultur\u00e1lis tev\u00e9kenys\u00e9gek<\/p>\n<\/td>\n<\/tr>\n<tr>\n<td width=\"35\">\n<p>74<\/p>\n<\/td>\n<td width=\"504\">\n<p>Z\u00e1honyi \u00c1rp\u00e1d Vez\u00e9r \u00c1ltal\u00e1nos Iskola \u00e9s AMI<\/p>\n<\/td>\n<td width=\"345\">\n<p>4625 Z\u00e1hony, J\u00f3zsef Attila \u00fat 48.<\/p>\n<\/td>\n<td width=\"352\">\n<p>k\u00f6nyvt\u00e1ri feladatok, t\u00e1boroztat\u00e1sban val\u00f3 seg\u00edts\u00e9gny\u00fajt\u00e1s, dokument\u00e1ci\u00f3kezel\u00e9s<\/p>\n<\/td>\n<\/tr>\n<tr>\n<td width=\"35\">\n<p>75<\/p>\n<\/td>\n<td width=\"504\">\n<p>Z\u00e1honyi H\u00e9tsz\u00ednvir\u00e1g \u00d3voda \u00e9s B\u00f6lcs\u0151de<\/p>\n<\/td>\n<td width=\"345\">\n<p>4625 Z\u00e1hony, Ifj\u00fas\u00e1g \u00fat 1.<\/p>\n<\/td>\n<td width=\"352\">\n<p>kultur\u00e1lis tev\u00e9kenys\u00e9gek<\/p>\n<\/td>\n<\/tr>\n<\/tbody>\n<\/table>\n<p>\u00a0<\/p>\n\n\n<p>\u00c1lland\u00f3 meg\u00e1llapod\u00e1sunk a helybeli (Kisv\u00e1rda) int\u00e9zm\u00e9nyekkel:<br>M\u0171v\u00e9szetek H\u00e1za, V\u00e1rosi K\u00f6nyvt\u00e1r, R\u00e9tk\u00f6zi M\u00fazeum, \u00f6nkorm\u00e1nyzati \u00e1ltal\u00e1nos iskol\u00e1k \u00e9s \u00f3vod\u00e1k, Kisv\u00e1rda V\u00e1ros \u00d6nkorm\u00e1nyzata.<\/p>\n\n\n\n<p><\/p>\n<div class=\"pvc_clear\"><\/div><p id=\"pvc_stats_2585\" class=\"pvc_stats all  \" data-element-id=\"2585\" style=\"\"><i class=\"pvc-stats-icon medium\" aria-hidden=\"true\"><svg aria-hidden=\"true\" focusable=\"false\" data-prefix=\"far\" data-icon=\"chart-bar\" role=\"img\" xmlns=\"http:\/\/www.w3.org\/2000\/svg\" viewBox=\"0 0 512 512\" class=\"svg-inline--fa fa-chart-bar fa-w-16 fa-2x\"><path fill=\"currentColor\" d=\"M396.8 352h22.4c6.4 0 12.8-6.4 12.8-12.8V108.8c0-6.4-6.4-12.8-12.8-12.8h-22.4c-6.4 0-12.8 6.4-12.8 12.8v230.4c0 6.4 6.4 12.8 12.8 12.8zm-192 0h22.4c6.4 0 12.8-6.4 12.8-12.8V140.8c0-6.4-6.4-12.8-12.8-12.8h-22.4c-6.4 0-12.8 6.4-12.8 12.8v198.4c0 6.4 6.4 12.8 12.8 12.8zm96 0h22.4c6.4 0 12.8-6.4 12.8-12.8V204.8c0-6.4-6.4-12.8-12.8-12.8h-22.4c-6.4 0-12.8 6.4-12.8 12.8v134.4c0 6.4 6.4 12.8 12.8 12.8zM496 400H48V80c0-8.84-7.16-16-16-16H16C7.16 64 0 71.16 0 80v336c0 17.67 14.33 32 32 32h464c8.84 0 16-7.16 16-16v-16c0-8.84-7.16-16-16-16zm-387.2-48h22.4c6.4 0 12.8-6.4 12.8-12.8v-70.4c0-6.4-6.4-12.8-12.8-12.8h-22.4c-6.4 0-12.8 6.4-12.8 12.8v70.4c0 6.4 6.4 12.8 12.8 12.8z\" class=\"\"><\/path><\/svg><\/i> <img loading=\"lazy\" decoding=\"async\" width=\"16\" height=\"16\" alt=\"Loading\" src=\"https:\/\/besi.hu\/wp-content\/plugins\/page-views-count\/ajax-loader-2x.gif\" border=0 \/><\/p><div class=\"pvc_clear\"><\/div>","protected":false},"excerpt":{"rendered":"<p>A nemzeti k\u00f6znevel\u00e9sr\u0151l sz\u00f3l\u00f3 2011. \u00e9vi CXC. t\u00f6rv\u00e9ny r\u00f6gz\u00edti, hogy az \u00e9retts\u00e9gi nemcsak szellemi, tant\u00e1rgyi tud\u00e1st m\u00e9r. Megfogalmazza azt a pedag\u00f3giai c\u00e9lt is, hogy a szoci\u00e1lis k\u00e9szs\u00e9gek, a t\u00e1rsadalmi \u00e9rz\u00e9kenys\u00e9g kimunk\u00e1l\u00e1sa is sz\u00fcks\u00e9ges ahhoz, hogy valaki \u00e9rett legyen, \u00e9s a k\u00f6z\u00e9piskolai tanulm\u00e1nyait befejezze. Ennek a pedag\u00f3giai c\u00e9lnak az el\u00e9r\u00e9s\u00e9t hivatott&#8230;<\/p>\n<div class=\"pvc_clear\"><\/div>\n<p id=\"pvc_stats_2585\" class=\"pvc_stats all  \" data-element-id=\"2585\" style=\"\"><i class=\"pvc-stats-icon medium\" aria-hidden=\"true\"><svg aria-hidden=\"true\" focusable=\"false\" data-prefix=\"far\" data-icon=\"chart-bar\" role=\"img\" xmlns=\"http:\/\/www.w3.org\/2000\/svg\" viewBox=\"0 0 512 512\" class=\"svg-inline--fa fa-chart-bar fa-w-16 fa-2x\"><path fill=\"currentColor\" d=\"M396.8 352h22.4c6.4 0 12.8-6.4 12.8-12.8V108.8c0-6.4-6.4-12.8-12.8-12.8h-22.4c-6.4 0-12.8 6.4-12.8 12.8v230.4c0 6.4 6.4 12.8 12.8 12.8zm-192 0h22.4c6.4 0 12.8-6.4 12.8-12.8V140.8c0-6.4-6.4-12.8-12.8-12.8h-22.4c-6.4 0-12.8 6.4-12.8 12.8v198.4c0 6.4 6.4 12.8 12.8 12.8zm96 0h22.4c6.4 0 12.8-6.4 12.8-12.8V204.8c0-6.4-6.4-12.8-12.8-12.8h-22.4c-6.4 0-12.8 6.4-12.8 12.8v134.4c0 6.4 6.4 12.8 12.8 12.8zM496 400H48V80c0-8.84-7.16-16-16-16H16C7.16 64 0 71.16 0 80v336c0 17.67 14.33 32 32 32h464c8.84 0 16-7.16 16-16v-16c0-8.84-7.16-16-16-16zm-387.2-48h22.4c6.4 0 12.8-6.4 12.8-12.8v-70.4c0-6.4-6.4-12.8-12.8-12.8h-22.4c-6.4 0-12.8 6.4-12.8 12.8v70.4c0 6.4 6.4 12.8 12.8 12.8z\" class=\"\"><\/path><\/svg><\/i> <img loading=\"lazy\" decoding=\"async\" width=\"16\" height=\"16\" alt=\"Loading\" src=\"https:\/\/besi.hu\/wp-content\/plugins\/page-views-count\/ajax-loader-2x.gif\" border=0 \/><\/p>\n<div class=\"pvc_clear\"><\/div>\n","protected":false},"author":1,"featured_media":0,"parent":0,"menu_order":0,"comment_status":"closed","ping_status":"closed","template":"","meta":{"footnotes":""},"class_list":["post-2585","page","type-page","status-publish","hentry"],"aioseo_notices":[],"a3_pvc":{"activated":true,"total_views":1149,"today_views":0},"_links":{"self":[{"href":"https:\/\/besi.hu\/index.php?rest_route=\/wp\/v2\/pages\/2585","targetHints":{"allow":["GET"]}}],"collection":[{"href":"https:\/\/besi.hu\/index.php?rest_route=\/wp\/v2\/pages"}],"about":[{"href":"https:\/\/besi.hu\/index.php?rest_route=\/wp\/v2\/types\/page"}],"author":[{"embeddable":true,"href":"https:\/\/besi.hu\/index.php?rest_route=\/wp\/v2\/users\/1"}],"replies":[{"embeddable":true,"href":"https:\/\/besi.hu\/index.php?rest_route=%2Fwp%2Fv2%2Fcomments&post=2585"}],"version-history":[{"count":5,"href":"https:\/\/besi.hu\/index.php?rest_route=\/wp\/v2\/pages\/2585\/revisions"}],"predecessor-version":[{"id":25092,"href":"https:\/\/besi.hu\/index.php?rest_route=\/wp\/v2\/pages\/2585\/revisions\/25092"}],"wp:attachment":[{"href":"https:\/\/besi.hu\/index.php?rest_route=%2Fwp%2Fv2%2Fmedia&parent=2585"}],"curies":[{"name":"wp","href":"https:\/\/api.w.org\/{rel}","templated":true}]}}